{"id":63998,"date":"2026-01-31T12:21:47","date_gmt":"2026-01-31T11:21:47","guid":{"rendered":"https:\/\/magiclift.ch\/reliant\/flugschule\/"},"modified":"2026-02-20T12:16:22","modified_gmt":"2026-02-20T11:16:22","slug":"ecole-de-parapente","status":"publish","type":"page","link":"https:\/\/magiclift.ch\/fr\/","title":{"rendered":"\u00c9cole de Parapente"},"content":{"rendered":"\n<style type=\"text\/css\" data-created_by=\"avia_inline_auto\" id=\"style-css-av-16yeh34-bc481e412aeb359125007548864467ce\">\n.avia-section.av-16yeh34-bc481e412aeb359125007548864467ce{\nmargin-top:0px;\nmargin-bottom:0px;\n}\n.avia-section.av-16yeh34-bc481e412aeb359125007548864467ce .av-parallax .av-parallax-inner{\nbackground-repeat:no-repeat;\nbackground-image:url(https:\/\/magiclift.ch\/wp-content\/uploads\/2026\/02\/gleitschirmfliegen-lernen.jpg);\nbackground-position:50% 0%;\nbackground-attachment:scroll;\n}\n\n@media only screen and (min-width: 990px){ \n.avia-section.av-16yeh34-bc481e412aeb359125007548864467ce{\nmargin-top:0;\nmargin-bottom:0;\n}\n}\n\n@media only screen and (min-width: 768px) and (max-width: 989px){ \n.avia-section.av-16yeh34-bc481e412aeb359125007548864467ce{\nmargin-top:0;\nmargin-bottom:0;\n}\n}\n\n@media only screen and (min-width: 480px) and (max-width: 767px){ \n.avia-section.av-16yeh34-bc481e412aeb359125007548864467ce{\nmargin-top:0;\nmargin-bottom:0;\n}\n}\n\n@media only screen and (max-width: 479px){ \n.avia-section.av-16yeh34-bc481e412aeb359125007548864467ce{\nmargin-top:0;\nmargin-bottom:0;\n}\n}\n<\/style>\n<div id='hero-desktop'  class='avia-section av-16yeh34-bc481e412aeb359125007548864467ce main_color avia-section-no-padding avia-no-shadow  avia-builder-el-0  el_before_av_section  avia-builder-el-first  with_parallax_opener av-small-hide av-mini-hide av-parallax-section avia-bg-style-parallax av-minimum-height av-minimum-height-custom av-height-custom  container_wrap fullsize'  data-section-bg-repeat='no-repeat' data-av_minimum_height_px='0'><div class='av-parallax' data-avia-parallax-ratio='0.3' ><div class='av-parallax-inner main_color avia-full-stretch'><\/div><\/div><div class='container av-section-cont-open' style='height:0px'><main  role=\"main\" itemprop=\"mainContentOfPage\"  class='template-page content  av-content-full alpha units'><div class='post-entry post-entry-type-page post-entry-63998'><div class='entry-content-wrapper clearfix'>\n\n<style type=\"text\/css\" data-created_by=\"avia_inline_auto\" id=\"style-css-av-bd3e2tc-8a1e50041014ab6abe3f1eb48cb027f1\">\n#top .hr.av-bd3e2tc-8a1e50041014ab6abe3f1eb48cb027f1{\nmargin-top:60vh;\nmargin-bottom:-113px;\n}\n.hr.av-bd3e2tc-8a1e50041014ab6abe3f1eb48cb027f1 .hr-inner{\nwidth:50px;\n}\n<\/style>\n<div  class='hr av-bd3e2tc-8a1e50041014ab6abe3f1eb48cb027f1 hr-custom  avia-builder-el-1  el_before_av_one_full  avia-builder-el-first  hr-center hr-icon-no'><span class='hr-inner inner-border-av-border-none'><span class=\"hr-inner-style\"><\/span><\/span><\/div>\n\n<style type=\"text\/css\" data-created_by=\"avia_inline_auto\" id=\"style-css-av-b0tol40-1a9e96a77509b1deee2bb82ec8e07c01\">\n.flex_column.av-b0tol40-1a9e96a77509b1deee2bb82ec8e07c01{\npadding:0 0 200px 0;\nbackground-color:#eeee22;\n}\n<\/style>\n<div  id=\"teaser-d1\"  class='flex_column av-b0tol40-1a9e96a77509b1deee2bb82ec8e07c01 av_one_full  avia-builder-el-2  el_after_av_hr  el_before_av_one_full  teaser-d1 first flex_column_div  '     aria-label='teaser-d1'  ><p>\n<style type=\"text\/css\" data-created_by=\"avia_inline_auto\" id=\"style-css-av-aj587fk-7cc1dd1df72c3a548ae60bb693b938d6\">\n.avia-image-container.av-aj587fk-7cc1dd1df72c3a548ae60bb693b938d6 img.avia_image{\nbox-shadow:none;\n}\n.avia-image-container.av-aj587fk-7cc1dd1df72c3a548ae60bb693b938d6 .av-image-caption-overlay-center{\ncolor:#ffffff;\n}\n<\/style>\n<div  id=\"teaser-img-d1\"  class='avia-image-container av-aj587fk-7cc1dd1df72c3a548ae60bb693b938d6 av-styling- avia-align-center  avia-builder-el-3  el_before_av_textblock  avia-builder-el-first  teaser-img-d1'   itemprop=\"image\" itemscope=\"itemscope\" itemtype=\"https:\/\/schema.org\/ImageObject\" ><div class=\"avia-image-container-inner\"><div class=\"avia-image-overlay-wrap\"><img decoding=\"async\" loading=\"lazy\" class='wp-image-60187 avia-img-lazy-loading-60187 avia_image ' src=\"https:\/\/magiclift.ch\/wp-content\/uploads\/2026\/01\/gleitschirm-tandemflug-sommer-selfie-euthal-einsiedeln-quer.jpg\" alt='' title='gleitschirm-tandemflug-sommer-selfie-euthal-einsiedeln-quer'  height=\"1080\" width=\"1920\"  itemprop=\"thumbnailUrl\" srcset=\"https:\/\/magiclift.ch\/wp-content\/uploads\/2026\/01\/gleitschirm-tandemflug-sommer-selfie-euthal-einsiedeln-quer.jpg 1920w, https:\/\/magiclift.ch\/wp-content\/uploads\/2026\/01\/gleitschirm-tandemflug-sommer-selfie-euthal-einsiedeln-quer-300x169.jpg 300w, https:\/\/magiclift.ch\/wp-content\/uploads\/2026\/01\/gleitschirm-tandemflug-sommer-selfie-euthal-einsiedeln-quer-1030x579.jpg 1030w, https:\/\/magiclift.ch\/wp-content\/uploads\/2026\/01\/gleitschirm-tandemflug-sommer-selfie-euthal-einsiedeln-quer-768x432.jpg 768w, https:\/\/magiclift.ch\/wp-content\/uploads\/2026\/01\/gleitschirm-tandemflug-sommer-selfie-euthal-einsiedeln-quer-1536x864.jpg 1536w, https:\/\/magiclift.ch\/wp-content\/uploads\/2026\/01\/gleitschirm-tandemflug-sommer-selfie-euthal-einsiedeln-quer-1500x844.jpg 1500w, https:\/\/magiclift.ch\/wp-content\/uploads\/2026\/01\/gleitschirm-tandemflug-sommer-selfie-euthal-einsiedeln-quer-705x397.jpg 705w, https:\/\/magiclift.ch\/wp-content\/uploads\/2026\/01\/gleitschirm-tandemflug-sommer-selfie-euthal-einsiedeln-quer-450x253.jpg 450w\" sizes=\"auto, (max-width: 1920px) 100vw, 1920px\" \/><\/div><\/div><\/div><br \/>\n<section  id=\"teaser-text-d1\"  class='av_textblock_section av-9uukam8-627c90649b43a602cc5a733c56f301cc '   itemscope=\"itemscope\" itemtype=\"https:\/\/schema.org\/CreativeWork\" ><div class='avia_textblock teaser-text-d1'  itemprop=\"text\" ><h6 style=\"text-align: left;\">Vols en tandem<\/h6>\n<p style=\"text-align: left;\">D\u00e9colle \u00e0 deux et d\u00e9tends-toi<\/p>\n<\/div><\/section><\/p><\/div>\n<style type=\"text\/css\" data-created_by=\"avia_inline_auto\" id=\"style-css-av-9jdum2o-58a6c3aadc36ad835336a2025b817939\">\n.flex_column.av-9jdum2o-58a6c3aadc36ad835336a2025b817939{\npadding:0 0 200px 0;\nbackground-color:#eeee22;\n}\n<\/style>\n<div  id=\"teaser-d2\"  class='flex_column av-9jdum2o-58a6c3aadc36ad835336a2025b817939 av_one_full  avia-builder-el-5  el_after_av_one_full  el_before_av_one_full  teaser-d2 first flex_column_div  column-top-margin'     aria-label='teaser-d2'  ><p>\n<style type=\"text\/css\" data-created_by=\"avia_inline_auto\" id=\"style-css-av-8wa674w-7f90adfc47d553c5b35800e3056d8b0e\">\n.avia-image-container.av-8wa674w-7f90adfc47d553c5b35800e3056d8b0e img.avia_image{\nbox-shadow:none;\n}\n.avia-image-container.av-8wa674w-7f90adfc47d553c5b35800e3056d8b0e .av-image-caption-overlay-center{\ncolor:#ffffff;\n}\n<\/style>\n<div  id=\"teaser-img-d2\"  class='avia-image-container av-8wa674w-7f90adfc47d553c5b35800e3056d8b0e av-styling- avia-align-center  avia-builder-el-6  el_before_av_textblock  avia-builder-el-first  teaser-img-d2'   itemprop=\"image\" itemscope=\"itemscope\" itemtype=\"https:\/\/schema.org\/ImageObject\" ><div class=\"avia-image-container-inner\"><div class=\"avia-image-overlay-wrap\"><img decoding=\"async\" loading=\"lazy\" class='wp-image-60523 avia-img-lazy-loading-60523 avia_image ' src=\"https:\/\/magiclift.ch\/wp-content\/uploads\/2026\/01\/gleitschirmreise-dune-du-pyla-groundhandling-bunker-strand-quer.jpg\" alt='' title='gleitschirmreise-dune-du-pyla-groundhandling-bunker-strand-quer'  height=\"1080\" width=\"1920\"  itemprop=\"thumbnailUrl\" srcset=\"https:\/\/magiclift.ch\/wp-content\/uploads\/2026\/01\/gleitschirmreise-dune-du-pyla-groundhandling-bunker-strand-quer.jpg 1920w, https:\/\/magiclift.ch\/wp-content\/uploads\/2026\/01\/gleitschirmreise-dune-du-pyla-groundhandling-bunker-strand-quer-300x169.jpg 300w, https:\/\/magiclift.ch\/wp-content\/uploads\/2026\/01\/gleitschirmreise-dune-du-pyla-groundhandling-bunker-strand-quer-1030x579.jpg 1030w, https:\/\/magiclift.ch\/wp-content\/uploads\/2026\/01\/gleitschirmreise-dune-du-pyla-groundhandling-bunker-strand-quer-768x432.jpg 768w, https:\/\/magiclift.ch\/wp-content\/uploads\/2026\/01\/gleitschirmreise-dune-du-pyla-groundhandling-bunker-strand-quer-1536x864.jpg 1536w, https:\/\/magiclift.ch\/wp-content\/uploads\/2026\/01\/gleitschirmreise-dune-du-pyla-groundhandling-bunker-strand-quer-1500x844.jpg 1500w, https:\/\/magiclift.ch\/wp-content\/uploads\/2026\/01\/gleitschirmreise-dune-du-pyla-groundhandling-bunker-strand-quer-705x397.jpg 705w, https:\/\/magiclift.ch\/wp-content\/uploads\/2026\/01\/gleitschirmreise-dune-du-pyla-groundhandling-bunker-strand-quer-450x253.jpg 450w\" sizes=\"auto, (max-width: 1920px) 100vw, 1920px\" \/><\/div><\/div><\/div><br \/>\n<section  id=\"teaser-text-d2\"  class='av_textblock_section av-8gcgwm8-8e5d0ae15029fc703f8bdae57db2efaf '   itemscope=\"itemscope\" itemtype=\"https:\/\/schema.org\/CreativeWork\" ><div class='avia_textblock teaser-text-d2'  itemprop=\"text\" ><h6>Voyages de vol<\/h6>\n<p>D\u00e9couvre et explore<\/p>\n<\/div><\/section><\/p><\/div>\n<style type=\"text\/css\" data-created_by=\"avia_inline_auto\" id=\"style-css-av-87n8r9c-0f8ada88cc67b58f05baa682119564f7\">\n.flex_column.av-87n8r9c-0f8ada88cc67b58f05baa682119564f7{\npadding:0 0 200px 0;\n}\n<\/style>\n<div  id=\"teaser-d3\"  class='flex_column av-87n8r9c-0f8ada88cc67b58f05baa682119564f7 av_one_full  avia-builder-el-8  el_after_av_one_full  el_before_av_hr  teaser-d3 first flex_column_div  column-top-margin'     aria-label='teaser-d3'  ><p>\n<style type=\"text\/css\" data-created_by=\"avia_inline_auto\" id=\"style-css-av-7lq6z8g-4ee98469b390e5b605a5b20efd242240\">\n.avia-image-container.av-7lq6z8g-4ee98469b390e5b605a5b20efd242240 img.avia_image{\nbox-shadow:none;\n}\n.avia-image-container.av-7lq6z8g-4ee98469b390e5b605a5b20efd242240 .av-image-caption-overlay-center{\ncolor:#ffffff;\n}\n<\/style>\n<div  id=\"teaser-img-d3\"  class='avia-image-container av-7lq6z8g-4ee98469b390e5b605a5b20efd242240 av-styling- avia-align-center  avia-builder-el-9  el_before_av_textblock  avia-builder-el-first  teaser-img-d3'   itemprop=\"image\" itemscope=\"itemscope\" itemtype=\"https:\/\/schema.org\/ImageObject\" ><div class=\"avia-image-container-inner\"><div class=\"avia-image-overlay-wrap\"><img decoding=\"async\" loading=\"lazy\" class='wp-image-62193 avia-img-lazy-loading-62193 avia_image ' src=\"https:\/\/magiclift.ch\/wp-content\/uploads\/2026\/02\/shop-teaser.jpg\" alt='' title='shop-teaser'  height=\"270\" width=\"480\"  itemprop=\"thumbnailUrl\" srcset=\"https:\/\/magiclift.ch\/wp-content\/uploads\/2026\/02\/shop-teaser.jpg 480w, https:\/\/magiclift.ch\/wp-content\/uploads\/2026\/02\/shop-teaser-300x169.jpg 300w, https:\/\/magiclift.ch\/wp-content\/uploads\/2026\/02\/shop-teaser-450x253.jpg 450w\" sizes=\"auto, (max-width: 480px) 100vw, 480px\" \/><\/div><\/div><\/div><br \/>\n<section  id=\"teaser-text-d3\"  class='av_textblock_section av-78y11s0-79394911199cba2a6551f277fbde40b1 '   itemscope=\"itemscope\" itemtype=\"https:\/\/schema.org\/CreativeWork\" ><div class='avia_textblock teaser-text-d3'  itemprop=\"text\" ><h6 style=\"text-align: left;\">Shop<\/h6>\n<p style=\"text-align: left;\">Con\u00e7ue pour mieux voler<\/p>\n<\/div><\/section><\/p><\/div>\n<style type=\"text\/css\" data-created_by=\"avia_inline_auto\" id=\"style-css-av-6n63lk0-b7df3b78f0d961d6818b69d6e99d8ca6\">\n#top .hr.av-6n63lk0-b7df3b78f0d961d6818b69d6e99d8ca6{\nmargin-top:0px;\nmargin-bottom:-40px;\n}\n.hr.av-6n63lk0-b7df3b78f0d961d6818b69d6e99d8ca6 .hr-inner{\nwidth:50px;\n}\n<\/style>\n<div  class='hr av-6n63lk0-b7df3b78f0d961d6818b69d6e99d8ca6 hr-custom  avia-builder-el-11  el_after_av_one_full  avia-builder-el-last  hero-bottom-gapfix-mobile hr-center hr-icon-no'><span class='hr-inner inner-border-av-border-none'><span class=\"hr-inner-style\"><\/span><\/span><\/div>\n\n<\/div><\/div><\/main><!-- close content main element --><\/div><\/div>\n<style type=\"text\/css\" data-created_by=\"avia_inline_auto\" id=\"style-css-av-64m13nk-300e3ca2e590a33eb5e2df8c0c19fa3a\">\n.avia-section.av-64m13nk-300e3ca2e590a33eb5e2df8c0c19fa3a{\nmargin-top:0px;\nmargin-bottom:0px;\n}\n.avia-section.av-64m13nk-300e3ca2e590a33eb5e2df8c0c19fa3a .av-parallax .av-parallax-inner{\nbackground-repeat:no-repeat;\nbackground-image:url(https:\/\/magiclift.ch\/wp-content\/uploads\/2026\/02\/gleitschirmfliegen-lernen.jpg);\nbackground-position:50% 0%;\nbackground-attachment:scroll;\n}\n\n@media only screen and (min-width: 990px){ \n.avia-section.av-64m13nk-300e3ca2e590a33eb5e2df8c0c19fa3a{\nmargin-top:0px;\nmargin-bottom:0px;\n}\n}\n\n@media only screen and (min-width: 768px) and (max-width: 989px){ \n.avia-section.av-64m13nk-300e3ca2e590a33eb5e2df8c0c19fa3a{\nmargin-top:0;\nmargin-bottom:0;\n}\n}\n\n@media only screen and (min-width: 480px) and (max-width: 767px){ \n.avia-section.av-64m13nk-300e3ca2e590a33eb5e2df8c0c19fa3a{\nmargin-top:0;\nmargin-bottom:0;\n}\n}\n\n@media only screen and (max-width: 479px){ \n.avia-section.av-64m13nk-300e3ca2e590a33eb5e2df8c0c19fa3a{\nmargin-top:0;\nmargin-bottom:0;\n}\n}\n<\/style>\n<div id='hero-mobile'  class='avia-section av-64m13nk-300e3ca2e590a33eb5e2df8c0c19fa3a main_color avia-section-no-padding avia-no-shadow  avia-builder-el-12  el_after_av_section  el_before_av_two_third  with_parallax_opener av-desktop-hide av-medium-hide av-parallax-section avia-bg-style-parallax av-minimum-height av-minimum-height-custom av-height-custom  container_wrap fullsize'  data-section-bg-repeat='no-repeat' data-av_minimum_height_px='0'><div class='av-parallax' data-avia-parallax-ratio='0.3' ><div class='av-parallax-inner main_color avia-full-stretch'><\/div><\/div><div class='container av-section-cont-open' style='height:0px'><div class='template-page content  av-content-full alpha units'><div class='post-entry post-entry-type-page post-entry-63998'><div class='entry-content-wrapper clearfix'>\n\n<style type=\"text\/css\" data-created_by=\"avia_inline_auto\" id=\"style-css-av-5ky8zpc-d5b7aa6b61de50b91277fa4ae22eec87\">\n#top .hr.av-5ky8zpc-d5b7aa6b61de50b91277fa4ae22eec87{\nmargin-top:50vh;\nmargin-bottom:-25px;\n}\n.hr.av-5ky8zpc-d5b7aa6b61de50b91277fa4ae22eec87 .hr-inner{\nwidth:50px;\n}\n<\/style>\n<div  class='hr av-5ky8zpc-d5b7aa6b61de50b91277fa4ae22eec87 hr-custom  avia-builder-el-13  el_before_av_hr  avia-builder-el-first  hr-center hr-icon-no'><span class='hr-inner inner-border-av-border-none'><span class=\"hr-inner-style\"><\/span><\/span><\/div>\n\n<style type=\"text\/css\" data-created_by=\"avia_inline_auto\" id=\"style-css-av-5g8e0tc-a5813265cae1986875c4f735a914bf7a\">\n#top .hr.av-5g8e0tc-a5813265cae1986875c4f735a914bf7a{\nmargin-top:0px;\nmargin-bottom:-40px;\n}\n.hr.av-5g8e0tc-a5813265cae1986875c4f735a914bf7a .hr-inner{\nwidth:50px;\n}\n<\/style>\n<div  class='hr av-5g8e0tc-a5813265cae1986875c4f735a914bf7a hr-custom  avia-builder-el-14  el_after_av_hr  el_before_av_one_third  hero-bottom-gapfix-mobile hr-center hr-icon-no'><span class='hr-inner inner-border-av-border-none'><span class=\"hr-inner-style\"><\/span><\/span><\/div>\n<div  id=\"teaser-m1\"  class='flex_column av-4vd34jk-84d6c516133da5626e892be834e17cfb av_one_third  avia-builder-el-15  el_after_av_hr  el_before_av_one_third  teaser-m1 first flex_column_div  '     aria-label='teaser-m1'  ><p>\n<style type=\"text\/css\" data-created_by=\"avia_inline_auto\" id=\"style-css-av-4dhs9eo-9e414603640479d98d94853a477f076c\">\n.avia-image-container.av-4dhs9eo-9e414603640479d98d94853a477f076c img.avia_image{\nbox-shadow:none;\n}\n.avia-image-container.av-4dhs9eo-9e414603640479d98d94853a477f076c .av-image-caption-overlay-center{\ncolor:#ffffff;\n}\n<\/style>\n<div  id=\"teaser-img-m1\"  class='avia-image-container av-4dhs9eo-9e414603640479d98d94853a477f076c av-styling- avia-align-center  avia-builder-el-16  el_before_av_textblock  avia-builder-el-first  teaser-img-m1'   itemprop=\"image\" itemscope=\"itemscope\" itemtype=\"https:\/\/schema.org\/ImageObject\" ><div class=\"avia-image-container-inner\"><div class=\"avia-image-overlay-wrap\"><img decoding=\"async\" loading=\"lazy\" class='wp-image-60187 avia-img-lazy-loading-60187 avia_image ' src=\"https:\/\/magiclift.ch\/wp-content\/uploads\/2026\/01\/gleitschirm-tandemflug-sommer-selfie-euthal-einsiedeln-quer.jpg\" alt='' title='gleitschirm-tandemflug-sommer-selfie-euthal-einsiedeln-quer'  height=\"1080\" width=\"1920\"  itemprop=\"thumbnailUrl\" srcset=\"https:\/\/magiclift.ch\/wp-content\/uploads\/2026\/01\/gleitschirm-tandemflug-sommer-selfie-euthal-einsiedeln-quer.jpg 1920w, https:\/\/magiclift.ch\/wp-content\/uploads\/2026\/01\/gleitschirm-tandemflug-sommer-selfie-euthal-einsiedeln-quer-300x169.jpg 300w, https:\/\/magiclift.ch\/wp-content\/uploads\/2026\/01\/gleitschirm-tandemflug-sommer-selfie-euthal-einsiedeln-quer-1030x579.jpg 1030w, https:\/\/magiclift.ch\/wp-content\/uploads\/2026\/01\/gleitschirm-tandemflug-sommer-selfie-euthal-einsiedeln-quer-768x432.jpg 768w, https:\/\/magiclift.ch\/wp-content\/uploads\/2026\/01\/gleitschirm-tandemflug-sommer-selfie-euthal-einsiedeln-quer-1536x864.jpg 1536w, https:\/\/magiclift.ch\/wp-content\/uploads\/2026\/01\/gleitschirm-tandemflug-sommer-selfie-euthal-einsiedeln-quer-1500x844.jpg 1500w, https:\/\/magiclift.ch\/wp-content\/uploads\/2026\/01\/gleitschirm-tandemflug-sommer-selfie-euthal-einsiedeln-quer-705x397.jpg 705w, https:\/\/magiclift.ch\/wp-content\/uploads\/2026\/01\/gleitschirm-tandemflug-sommer-selfie-euthal-einsiedeln-quer-450x253.jpg 450w\" sizes=\"auto, (max-width: 1920px) 100vw, 1920px\" \/><\/div><\/div><\/div><br \/>\n\n<style type=\"text\/css\" data-created_by=\"avia_inline_auto\" id=\"style-css-av-3wvyww0-fc6edc5ba0ca71208647361d1606d2ce\">\n#top .av_textblock_section.av-3wvyww0-fc6edc5ba0ca71208647361d1606d2ce .avia_textblock{\npadding:0 0 -100px 0;\n}\n<\/style>\n<section  id=\"teaser-text-m1\"  class='av_textblock_section av-3wvyww0-fc6edc5ba0ca71208647361d1606d2ce '   itemscope=\"itemscope\" itemtype=\"https:\/\/schema.org\/CreativeWork\" ><div class='avia_textblock teaser-text-m1'  itemprop=\"text\" ><h6 style=\"text-align: center;\">Vols en tandem<\/h6>\n<p style=\"text-align: center;\">D\u00e9colle \u00e0 deux et d\u00e9tends-toi<\/p>\n<\/div><\/section><\/p><\/div><div  id=\"teaser-m2\"  class='flex_column av-3himn9c-0ff6c8380dbfb5cf9a6f2b02ec2cd741 av_one_third  avia-builder-el-18  el_after_av_one_third  el_before_av_one_third  teaser-m2 flex_column_div  '     aria-label='teaser-m2'  ><p>\n<style type=\"text\/css\" data-created_by=\"avia_inline_auto\" id=\"style-css-av-2t4t4xs-176dac62c168e2552d41bcea99a4bd62\">\n@keyframes av_boxShadowEffect_av-2t4t4xs-176dac62c168e2552d41bcea99a4bd62 {\n0%   { box-shadow:  0 0 0 0 #a0a0a0; opacity: 1; }\n100% { box-shadow:  0 0 10px 0 #a0a0a0; opacity: 1; }\n}\n.avia-image-container.av-2t4t4xs-176dac62c168e2552d41bcea99a4bd62 img.avia_image{\nbox-shadow: 0 0 10px 0 #a0a0a0;\n}\n.avia-image-container.av-2t4t4xs-176dac62c168e2552d41bcea99a4bd62 .av-image-caption-overlay-center{\ncolor:#ffffff;\n}\n<\/style>\n<div  id=\"teaser-img-m2\"  class='avia-image-container av-2t4t4xs-176dac62c168e2552d41bcea99a4bd62 av-styling- avia-align-center  avia-builder-el-19  el_before_av_textblock  avia-builder-el-first  teaser-img-m2 av-img-box-shadow av-box-shadow-not-animated'   itemprop=\"image\" itemscope=\"itemscope\" itemtype=\"https:\/\/schema.org\/ImageObject\" ><div class=\"avia-image-container-inner\"><div class=\"avia-image-overlay-wrap\"><img decoding=\"async\" loading=\"lazy\" class='wp-image-60523 avia-img-lazy-loading-60523 avia_image shadow-not-animated' src=\"https:\/\/magiclift.ch\/wp-content\/uploads\/2026\/01\/gleitschirmreise-dune-du-pyla-groundhandling-bunker-strand-quer.jpg\" alt='' title='gleitschirmreise-dune-du-pyla-groundhandling-bunker-strand-quer'  height=\"1080\" width=\"1920\"  itemprop=\"thumbnailUrl\" srcset=\"https:\/\/magiclift.ch\/wp-content\/uploads\/2026\/01\/gleitschirmreise-dune-du-pyla-groundhandling-bunker-strand-quer.jpg 1920w, https:\/\/magiclift.ch\/wp-content\/uploads\/2026\/01\/gleitschirmreise-dune-du-pyla-groundhandling-bunker-strand-quer-300x169.jpg 300w, https:\/\/magiclift.ch\/wp-content\/uploads\/2026\/01\/gleitschirmreise-dune-du-pyla-groundhandling-bunker-strand-quer-1030x579.jpg 1030w, https:\/\/magiclift.ch\/wp-content\/uploads\/2026\/01\/gleitschirmreise-dune-du-pyla-groundhandling-bunker-strand-quer-768x432.jpg 768w, https:\/\/magiclift.ch\/wp-content\/uploads\/2026\/01\/gleitschirmreise-dune-du-pyla-groundhandling-bunker-strand-quer-1536x864.jpg 1536w, https:\/\/magiclift.ch\/wp-content\/uploads\/2026\/01\/gleitschirmreise-dune-du-pyla-groundhandling-bunker-strand-quer-1500x844.jpg 1500w, https:\/\/magiclift.ch\/wp-content\/uploads\/2026\/01\/gleitschirmreise-dune-du-pyla-groundhandling-bunker-strand-quer-705x397.jpg 705w, https:\/\/magiclift.ch\/wp-content\/uploads\/2026\/01\/gleitschirmreise-dune-du-pyla-groundhandling-bunker-strand-quer-450x253.jpg 450w\" sizes=\"auto, (max-width: 1920px) 100vw, 1920px\" \/><\/div><\/div><\/div><br \/>\n\n<style type=\"text\/css\" data-created_by=\"avia_inline_auto\" id=\"style-css-av-2q2q36o-3d2c19c066b756a5850ea01e2c370f56\">\n#top .av_textblock_section.av-2q2q36o-3d2c19c066b756a5850ea01e2c370f56 .avia_textblock{\npadding:0 0 -100px 0;\n}\n<\/style>\n<section  id=\"teaser-text-m2\"  class='av_textblock_section av-2q2q36o-3d2c19c066b756a5850ea01e2c370f56 '   itemscope=\"itemscope\" itemtype=\"https:\/\/schema.org\/CreativeWork\" ><div class='avia_textblock teaser-text-m2'  itemprop=\"text\" ><h6 style=\"text-align: center;\">Voyages de vol<\/h6>\n<p style=\"text-align: center;\">D\u00e9couvre et explore<\/p>\n<\/div><\/section><\/p><\/div><div  id=\"teaser-m3\"  class='flex_column av-25prccg-d183a816ac3643fd4b8309b9b15ce644 av_one_third  avia-builder-el-21  el_after_av_one_third  el_before_av_hr  teaser-m3 flex_column_div  '     aria-label='teaser-m3'  ><p>\n<style type=\"text\/css\" data-created_by=\"avia_inline_auto\" id=\"style-css-av-1sahsm8-3bb13936c24cb9aed39ea9212dc1dce8\">\n.avia-image-container.av-1sahsm8-3bb13936c24cb9aed39ea9212dc1dce8 img.avia_image{\nbox-shadow:none;\n}\n.avia-image-container.av-1sahsm8-3bb13936c24cb9aed39ea9212dc1dce8 .av-image-caption-overlay-center{\ncolor:#ffffff;\n}\n<\/style>\n<div  id=\"teaser-img-m3\"  class='avia-image-container av-1sahsm8-3bb13936c24cb9aed39ea9212dc1dce8 av-styling- avia-align-center  avia-builder-el-22  el_before_av_textblock  avia-builder-el-first  teaser-img-m3'   itemprop=\"image\" itemscope=\"itemscope\" itemtype=\"https:\/\/schema.org\/ImageObject\" ><div class=\"avia-image-container-inner\"><div class=\"avia-image-overlay-wrap\"><img decoding=\"async\" loading=\"lazy\" class='wp-image-62193 avia-img-lazy-loading-62193 avia_image ' src=\"https:\/\/magiclift.ch\/wp-content\/uploads\/2026\/02\/shop-teaser.jpg\" alt='' title='shop-teaser'  height=\"270\" width=\"480\"  itemprop=\"thumbnailUrl\" srcset=\"https:\/\/magiclift.ch\/wp-content\/uploads\/2026\/02\/shop-teaser.jpg 480w, https:\/\/magiclift.ch\/wp-content\/uploads\/2026\/02\/shop-teaser-300x169.jpg 300w, https:\/\/magiclift.ch\/wp-content\/uploads\/2026\/02\/shop-teaser-450x253.jpg 450w\" sizes=\"auto, (max-width: 480px) 100vw, 480px\" \/><\/div><\/div><\/div><br \/>\n\n<style type=\"text\/css\" data-created_by=\"avia_inline_auto\" id=\"style-css-av-yt4chs-0b844cf931870bcd0adeda438e83daf0\">\n#top .av_textblock_section.av-yt4chs-0b844cf931870bcd0adeda438e83daf0 .avia_textblock{\npadding:0 0 -100px 0;\n}\n<\/style>\n<section  id=\"teaser-text-m3\"  class='av_textblock_section av-yt4chs-0b844cf931870bcd0adeda438e83daf0 '   itemscope=\"itemscope\" itemtype=\"https:\/\/schema.org\/CreativeWork\" ><div class='avia_textblock teaser-text-m3'  itemprop=\"text\" ><h6 style=\"text-align: center;\">Shop<\/h6>\n<p style=\"text-align: center;\">Con\u00e7ue pour mieux voler<\/p>\n<\/div><\/section><\/p><\/div>\n<style type=\"text\/css\" data-created_by=\"avia_inline_auto\" id=\"style-css-av-jsp6ow-aed81838022ec528246f188650042ada\">\n#top .hr.av-jsp6ow-aed81838022ec528246f188650042ada{\nmargin-top:0px;\nmargin-bottom:-40px;\n}\n.hr.av-jsp6ow-aed81838022ec528246f188650042ada .hr-inner{\nwidth:50px;\n}\n<\/style>\n<div  class='hr av-jsp6ow-aed81838022ec528246f188650042ada hr-custom  avia-builder-el-24  el_after_av_one_third  avia-builder-el-last  hero-bottom-gapfix-mobile hr-center hr-icon-no'><span class='hr-inner inner-border-av-border-none'><span class=\"hr-inner-style\"><\/span><\/span><\/div>\n<\/div><\/div><\/div><!-- close content main div --><\/div><\/div><div id='after_section_2'  class='main_color av_default_container_wrap container_wrap fullsize'  ><div class='container av-section-cont-open' ><div class='template-page content  av-content-full alpha units'><div class='post-entry post-entry-type-page post-entry-63998'><div class='entry-content-wrapper clearfix'>\n<div  class='flex_column av-1y3rnr4-8b5483e2fe1c31e3397622e54136c9ba av_two_third  avia-builder-el-25  el_after_av_section  el_before_av_slideshow_full  avia-builder-el-no-sibling  first flex_column_div  '     ><section  class='av_textblock_section av-mkxq2txe-48df03128a868375d7731435bfd26a32 '   itemscope=\"itemscope\" itemtype=\"https:\/\/schema.org\/CreativeWork\" ><div class='avia_textblock'  itemprop=\"text\" ><h2>Ne r\u00eave pas. Vis-le !<\/h2>\n<p class=\"p1\">Dans notre \u00e9cole de vol, nous te formons pour devenir un pilote de parapente autonome sur diff\u00e9rents sites de vol facilement accessibles.<\/p>\n<p class=\"p1\">De ta premi\u00e8re journ\u00e9e d\u2019initiation sur la pente \u00e9cole au cours de brevet, en passant par le cours de base, tu apprendras \u00e9tape par \u00e9tape tout ce dont tu as besoin pour voler en toute s\u00e9curit\u00e9 et de mani\u00e8re ind\u00e9pendante.<\/p>\n<p class=\"p1\">Lors d\u2019une journ\u00e9e d\u2019initiation, tu d\u00e9couvriras l\u2019\u00e9quipement de vol et sa manipulation correcte. De mani\u00e8re ludique, tu verras comme il est facile de d\u00e9coller avec une aile d'\u00e9cole moderne et docile.<\/p>\n<p class=\"p1\">C'est le d\u00e9but d'un tout nouvel univers aux possibilit\u00e9s infinies.<\/p>\n<\/div><\/section><\/div>\n<\/div><\/div><\/div><!-- close content main div --><\/div><\/div><div id='slider_desktop'  class='avia-fullwidth-slider main_color avia-shadow   avia-builder-el-27  el_after_av_two_third  el_before_av_one_fourth   slider-not-first container_wrap fullsize'  ><div  class='avia-slideshow av-mln2vwz0-d705fea5eb294edd8c6fe835d9402adc avia-slideshow-no scaling av_slideshow_full avia-slide-slider av-slideshow-ui av-control-minimal av-nav-dots-visible av-no-slider-navigation av-slideshow-autoplay av-loop-endless av-loop-manual-once av-default-height-applied  image_no_stretch avia-slideshow-1' data-slideshow-options=\"{&quot;animation&quot;:&quot;slide&quot;,&quot;autoplay&quot;:true,&quot;loop_autoplay&quot;:&quot;endless&quot;,&quot;interval&quot;:4,&quot;loop_manual&quot;:&quot;manual-once&quot;,&quot;autoplay_stopper&quot;:false,&quot;noNavigation&quot;:false,&quot;bg_slider&quot;:false,&quot;keep_padding&quot;:false,&quot;hoverpause&quot;:false,&quot;show_slide_delay&quot;:0}\"  itemprop=\"image\" itemscope=\"itemscope\" itemtype=\"https:\/\/schema.org\/ImageObject\" ><ul class='avia-slideshow-inner ' style='padding-bottom: 56.25%;'><li  class='avia-slideshow-slide av-mln2vwz0-d705fea5eb294edd8c6fe835d9402adc__0  slide-1 slide-odd'><div data-rel='slideshow-1' class='avia-slide-wrap '   ><img decoding=\"async\" loading=\"lazy\" class=\"wp-image-60274 avia-img-lazy-loading-60274\"  src=\"https:\/\/magiclift.ch\/wp-content\/uploads\/2026\/01\/gleitschirmfliegen-luftaufnahme-selfie-spirale-braunwald-quer.jpg\" width=\"1920\" height=\"1080\" title='gleitschirmfliegen-luftaufnahme-selfie-spirale-braunwald-quer' alt=''  itemprop=\"thumbnailUrl\" srcset=\"https:\/\/magiclift.ch\/wp-content\/uploads\/2026\/01\/gleitschirmfliegen-luftaufnahme-selfie-spirale-braunwald-quer.jpg 1920w, https:\/\/magiclift.ch\/wp-content\/uploads\/2026\/01\/gleitschirmfliegen-luftaufnahme-selfie-spirale-braunwald-quer-300x169.jpg 300w, https:\/\/magiclift.ch\/wp-content\/uploads\/2026\/01\/gleitschirmfliegen-luftaufnahme-selfie-spirale-braunwald-quer-1030x579.jpg 1030w, https:\/\/magiclift.ch\/wp-content\/uploads\/2026\/01\/gleitschirmfliegen-luftaufnahme-selfie-spirale-braunwald-quer-768x432.jpg 768w, https:\/\/magiclift.ch\/wp-content\/uploads\/2026\/01\/gleitschirmfliegen-luftaufnahme-selfie-spirale-braunwald-quer-1536x864.jpg 1536w, https:\/\/magiclift.ch\/wp-content\/uploads\/2026\/01\/gleitschirmfliegen-luftaufnahme-selfie-spirale-braunwald-quer-1500x844.jpg 1500w, https:\/\/magiclift.ch\/wp-content\/uploads\/2026\/01\/gleitschirmfliegen-luftaufnahme-selfie-spirale-braunwald-quer-705x397.jpg 705w, https:\/\/magiclift.ch\/wp-content\/uploads\/2026\/01\/gleitschirmfliegen-luftaufnahme-selfie-spirale-braunwald-quer-450x253.jpg 450w\" sizes=\"auto, (max-width: 1920px) 100vw, 1920px\" \/><\/div><\/li><li  class='avia-slideshow-slide av-mln2vwz0-d705fea5eb294edd8c6fe835d9402adc__1  slide-2 slide-even'><div data-rel='slideshow-1' class='avia-slide-wrap '   ><img decoding=\"async\" loading=\"lazy\" class=\"wp-image-60235 avia-img-lazy-loading-60235\"  src=\"https:\/\/magiclift.ch\/wp-content\/uploads\/2026\/01\/gleitschirmfliegen-flugaufnahme-kameramontage-untersegel-leinen-schuelerin-glugschueler-soloschirm-quer.jpg\" width=\"1920\" height=\"1080\" title='gleitschirmfliegen-flugaufnahme-kameramontage-untersegel-leinen-schuelerin-glugschueler-soloschirm-quer' alt=''  itemprop=\"thumbnailUrl\" srcset=\"https:\/\/magiclift.ch\/wp-content\/uploads\/2026\/01\/gleitschirmfliegen-flugaufnahme-kameramontage-untersegel-leinen-schuelerin-glugschueler-soloschirm-quer.jpg 1920w, https:\/\/magiclift.ch\/wp-content\/uploads\/2026\/01\/gleitschirmfliegen-flugaufnahme-kameramontage-untersegel-leinen-schuelerin-glugschueler-soloschirm-quer-300x169.jpg 300w, https:\/\/magiclift.ch\/wp-content\/uploads\/2026\/01\/gleitschirmfliegen-flugaufnahme-kameramontage-untersegel-leinen-schuelerin-glugschueler-soloschirm-quer-1030x579.jpg 1030w, https:\/\/magiclift.ch\/wp-content\/uploads\/2026\/01\/gleitschirmfliegen-flugaufnahme-kameramontage-untersegel-leinen-schuelerin-glugschueler-soloschirm-quer-768x432.jpg 768w, https:\/\/magiclift.ch\/wp-content\/uploads\/2026\/01\/gleitschirmfliegen-flugaufnahme-kameramontage-untersegel-leinen-schuelerin-glugschueler-soloschirm-quer-1536x864.jpg 1536w, https:\/\/magiclift.ch\/wp-content\/uploads\/2026\/01\/gleitschirmfliegen-flugaufnahme-kameramontage-untersegel-leinen-schuelerin-glugschueler-soloschirm-quer-1500x844.jpg 1500w, https:\/\/magiclift.ch\/wp-content\/uploads\/2026\/01\/gleitschirmfliegen-flugaufnahme-kameramontage-untersegel-leinen-schuelerin-glugschueler-soloschirm-quer-705x397.jpg 705w, https:\/\/magiclift.ch\/wp-content\/uploads\/2026\/01\/gleitschirmfliegen-flugaufnahme-kameramontage-untersegel-leinen-schuelerin-glugschueler-soloschirm-quer-450x253.jpg 450w\" sizes=\"auto, (max-width: 1920px) 100vw, 1920px\" \/><\/div><\/li><li  class='avia-slideshow-slide av-mln2vwz0-d705fea5eb294edd8c6fe835d9402adc__2  slide-3 slide-odd'><div data-rel='slideshow-1' class='avia-slide-wrap '   ><img decoding=\"async\" loading=\"lazy\" class=\"wp-image-60202 avia-img-lazy-loading-60202\"  src=\"https:\/\/magiclift.ch\/wp-content\/uploads\/2026\/01\/gleitschirm-thermikflug-berner-oberland-quer.jpg\" width=\"1920\" height=\"1080\" title='gleitschirm-thermikflug-berner-oberland-quer' alt=''  itemprop=\"thumbnailUrl\" srcset=\"https:\/\/magiclift.ch\/wp-content\/uploads\/2026\/01\/gleitschirm-thermikflug-berner-oberland-quer.jpg 1920w, https:\/\/magiclift.ch\/wp-content\/uploads\/2026\/01\/gleitschirm-thermikflug-berner-oberland-quer-300x169.jpg 300w, https:\/\/magiclift.ch\/wp-content\/uploads\/2026\/01\/gleitschirm-thermikflug-berner-oberland-quer-1030x579.jpg 1030w, https:\/\/magiclift.ch\/wp-content\/uploads\/2026\/01\/gleitschirm-thermikflug-berner-oberland-quer-768x432.jpg 768w, https:\/\/magiclift.ch\/wp-content\/uploads\/2026\/01\/gleitschirm-thermikflug-berner-oberland-quer-1536x864.jpg 1536w, https:\/\/magiclift.ch\/wp-content\/uploads\/2026\/01\/gleitschirm-thermikflug-berner-oberland-quer-1500x844.jpg 1500w, https:\/\/magiclift.ch\/wp-content\/uploads\/2026\/01\/gleitschirm-thermikflug-berner-oberland-quer-705x397.jpg 705w, https:\/\/magiclift.ch\/wp-content\/uploads\/2026\/01\/gleitschirm-thermikflug-berner-oberland-quer-450x253.jpg 450w\" sizes=\"auto, (max-width: 1920px) 100vw, 1920px\" \/><\/div><\/li><li  class='avia-slideshow-slide av-mln2vwz0-d705fea5eb294edd8c6fe835d9402adc__3  slide-4 slide-even'><div data-rel='slideshow-1' class='avia-slide-wrap '   ><img decoding=\"async\" loading=\"lazy\" class=\"wp-image-60250 avia-img-lazy-loading-60250\"  src=\"https:\/\/magiclift.ch\/wp-content\/uploads\/2026\/01\/gleitschirmfliegen-herbst-flugaufnahme-walenstadterberg-flugschueler-gleitflug-quer.jpg\" width=\"1920\" height=\"1080\" title='gleitschirmfliegen-herbst-flugaufnahme-walenstadterberg-flugschueler-gleitflug-quer' alt=''  itemprop=\"thumbnailUrl\" srcset=\"https:\/\/magiclift.ch\/wp-content\/uploads\/2026\/01\/gleitschirmfliegen-herbst-flugaufnahme-walenstadterberg-flugschueler-gleitflug-quer.jpg 1920w, https:\/\/magiclift.ch\/wp-content\/uploads\/2026\/01\/gleitschirmfliegen-herbst-flugaufnahme-walenstadterberg-flugschueler-gleitflug-quer-300x169.jpg 300w, https:\/\/magiclift.ch\/wp-content\/uploads\/2026\/01\/gleitschirmfliegen-herbst-flugaufnahme-walenstadterberg-flugschueler-gleitflug-quer-1030x579.jpg 1030w, https:\/\/magiclift.ch\/wp-content\/uploads\/2026\/01\/gleitschirmfliegen-herbst-flugaufnahme-walenstadterberg-flugschueler-gleitflug-quer-768x432.jpg 768w, https:\/\/magiclift.ch\/wp-content\/uploads\/2026\/01\/gleitschirmfliegen-herbst-flugaufnahme-walenstadterberg-flugschueler-gleitflug-quer-1536x864.jpg 1536w, https:\/\/magiclift.ch\/wp-content\/uploads\/2026\/01\/gleitschirmfliegen-herbst-flugaufnahme-walenstadterberg-flugschueler-gleitflug-quer-1500x844.jpg 1500w, https:\/\/magiclift.ch\/wp-content\/uploads\/2026\/01\/gleitschirmfliegen-herbst-flugaufnahme-walenstadterberg-flugschueler-gleitflug-quer-705x397.jpg 705w, https:\/\/magiclift.ch\/wp-content\/uploads\/2026\/01\/gleitschirmfliegen-herbst-flugaufnahme-walenstadterberg-flugschueler-gleitflug-quer-450x253.jpg 450w\" sizes=\"auto, (max-width: 1920px) 100vw, 1920px\" \/><\/div><\/li><li  class='avia-slideshow-slide av-mln2vwz0-d705fea5eb294edd8c6fe835d9402adc__4  slide-5 slide-odd'><div data-rel='slideshow-1' class='avia-slide-wrap '   ><img decoding=\"async\" loading=\"lazy\" class=\"wp-image-60307 avia-img-lazy-loading-60307\"  src=\"https:\/\/magiclift.ch\/wp-content\/uploads\/2026\/01\/gleitschirmfliegen-winterthermik-flugaufnahme-mitflieger-davos-quer.jpg\" width=\"1920\" height=\"1080\" title='gleitschirmfliegen-winterthermik-flugaufnahme-mitflieger-davos-quer' alt=''  itemprop=\"thumbnailUrl\" srcset=\"https:\/\/magiclift.ch\/wp-content\/uploads\/2026\/01\/gleitschirmfliegen-winterthermik-flugaufnahme-mitflieger-davos-quer.jpg 1920w, https:\/\/magiclift.ch\/wp-content\/uploads\/2026\/01\/gleitschirmfliegen-winterthermik-flugaufnahme-mitflieger-davos-quer-300x169.jpg 300w, https:\/\/magiclift.ch\/wp-content\/uploads\/2026\/01\/gleitschirmfliegen-winterthermik-flugaufnahme-mitflieger-davos-quer-1030x579.jpg 1030w, https:\/\/magiclift.ch\/wp-content\/uploads\/2026\/01\/gleitschirmfliegen-winterthermik-flugaufnahme-mitflieger-davos-quer-768x432.jpg 768w, https:\/\/magiclift.ch\/wp-content\/uploads\/2026\/01\/gleitschirmfliegen-winterthermik-flugaufnahme-mitflieger-davos-quer-1536x864.jpg 1536w, https:\/\/magiclift.ch\/wp-content\/uploads\/2026\/01\/gleitschirmfliegen-winterthermik-flugaufnahme-mitflieger-davos-quer-1500x844.jpg 1500w, https:\/\/magiclift.ch\/wp-content\/uploads\/2026\/01\/gleitschirmfliegen-winterthermik-flugaufnahme-mitflieger-davos-quer-705x397.jpg 705w, https:\/\/magiclift.ch\/wp-content\/uploads\/2026\/01\/gleitschirmfliegen-winterthermik-flugaufnahme-mitflieger-davos-quer-450x253.jpg 450w\" sizes=\"auto, (max-width: 1920px) 100vw, 1920px\" \/><\/div><\/li><li  class='avia-slideshow-slide av-mln2vwz0-d705fea5eb294edd8c6fe835d9402adc__5  slide-6 slide-even'><div data-rel='slideshow-1' class='avia-slide-wrap '   ><img decoding=\"async\" loading=\"lazy\" class=\"wp-image-60265 avia-img-lazy-loading-60265\"  src=\"https:\/\/magiclift.ch\/wp-content\/uploads\/2026\/01\/gleitschirmfliegen-fruehling-startplatz-hummel-einsiedeln-startvorbereitung-flugschlueler-quer.jpg\" width=\"1920\" height=\"1080\" title='gleitschirmfliegen-fruehling-startplatz-hummel-einsiedeln-startvorbereitung-flugschlueler-quer' alt=''  itemprop=\"thumbnailUrl\" srcset=\"https:\/\/magiclift.ch\/wp-content\/uploads\/2026\/01\/gleitschirmfliegen-fruehling-startplatz-hummel-einsiedeln-startvorbereitung-flugschlueler-quer.jpg 1920w, https:\/\/magiclift.ch\/wp-content\/uploads\/2026\/01\/gleitschirmfliegen-fruehling-startplatz-hummel-einsiedeln-startvorbereitung-flugschlueler-quer-300x169.jpg 300w, https:\/\/magiclift.ch\/wp-content\/uploads\/2026\/01\/gleitschirmfliegen-fruehling-startplatz-hummel-einsiedeln-startvorbereitung-flugschlueler-quer-1030x579.jpg 1030w, https:\/\/magiclift.ch\/wp-content\/uploads\/2026\/01\/gleitschirmfliegen-fruehling-startplatz-hummel-einsiedeln-startvorbereitung-flugschlueler-quer-768x432.jpg 768w, https:\/\/magiclift.ch\/wp-content\/uploads\/2026\/01\/gleitschirmfliegen-fruehling-startplatz-hummel-einsiedeln-startvorbereitung-flugschlueler-quer-1536x864.jpg 1536w, https:\/\/magiclift.ch\/wp-content\/uploads\/2026\/01\/gleitschirmfliegen-fruehling-startplatz-hummel-einsiedeln-startvorbereitung-flugschlueler-quer-1500x844.jpg 1500w, https:\/\/magiclift.ch\/wp-content\/uploads\/2026\/01\/gleitschirmfliegen-fruehling-startplatz-hummel-einsiedeln-startvorbereitung-flugschlueler-quer-705x397.jpg 705w, https:\/\/magiclift.ch\/wp-content\/uploads\/2026\/01\/gleitschirmfliegen-fruehling-startplatz-hummel-einsiedeln-startvorbereitung-flugschlueler-quer-450x253.jpg 450w\" sizes=\"auto, (max-width: 1920px) 100vw, 1920px\" \/><\/div><\/li><\/ul><div class='avia-slideshow-arrows avia-slideshow-controls' ><a href='#prev' class='prev-slide  avia-svg-icon avia-font-svg_entypo-fontello' data-av_svg_icon='left-open-big' data-av_iconset='svg_entypo-fontello' tabindex='-1' title=\"Pr\u00e9c\u00e9dent\"><svg version=\"1.1\" xmlns=\"http:\/\/www.w3.org\/2000\/svg\" width=\"15\" height=\"32\" viewBox=\"0 0 15 32\" preserveAspectRatio=\"xMidYMid meet\" aria-labelledby='av-svg-title-1' aria-describedby='av-svg-desc-1' role=\"graphics-symbol\" aria-hidden=\"true\">\n<title id='av-svg-title-1'>Pr\u00e9c\u00e9dent<\/title>\n<desc id='av-svg-desc-1'>Pr\u00e9c\u00e9dent<\/desc>\n<path d=\"M14.464 27.84q0.832 0.832 0 1.536-0.832 0.832-1.536 0l-12.544-12.608q-0.768-0.768 0-1.6l12.544-12.608q0.704-0.832 1.536 0 0.832 0.704 0 1.536l-11.456 11.904z\"><\/path>\n<\/svg><span class='avia_hidden_link_text'>Pr\u00e9c\u00e9dent<\/span><\/a><a href='#next' class='next-slide  avia-svg-icon avia-font-svg_entypo-fontello' data-av_svg_icon='right-open-big' data-av_iconset='svg_entypo-fontello' tabindex='-1' title=\"Suivant\"><svg version=\"1.1\" xmlns=\"http:\/\/www.w3.org\/2000\/svg\" width=\"15\" height=\"32\" viewBox=\"0 0 15 32\" preserveAspectRatio=\"xMidYMid meet\" aria-labelledby='av-svg-title-2' aria-describedby='av-svg-desc-2' role=\"graphics-symbol\" aria-hidden=\"true\">\n<title id='av-svg-title-2'>Suivant<\/title>\n<desc id='av-svg-desc-2'>Suivant<\/desc>\n<path d=\"M0.416 27.84l11.456-11.84-11.456-11.904q-0.832-0.832 0-1.536 0.832-0.832 1.536 0l12.544 12.608q0.768 0.832 0 1.6l-12.544 12.608q-0.704 0.832-1.536 0-0.832-0.704 0-1.536z\"><\/path>\n<\/svg><span class='avia_hidden_link_text'>Suivant<\/span><\/a><\/div><\/div><\/div><div id='after_full_slider_1'  class='main_color av_default_container_wrap container_wrap fullsize'  ><div class='container av-section-cont-open' ><div class='template-page content  av-content-full alpha units'><div class='post-entry post-entry-type-page post-entry-63998'><div class='entry-content-wrapper clearfix'>\n<div  class='flex_column av-b8z9fi8-c7c763aae9ab8c2b9bd266a63c7a731b av_one_fourth  avia-builder-el-28  el_after_av_slideshow_full  el_before_av_one_half  avia-builder-el-first  first flex_column_div  '     ><\/div>\n<div  id=\"journees-d-initations\"  class='flex_column av-34z91c-8e2f2611cf3a156867c1a30e1f65eff4 av_one_half  avia-builder-el-29  el_after_av_one_fourth  el_before_av_one_fourth  flex_column_div  '     ><section  class='av_textblock_section av-mlfrg29f-382b809537378656f80fa4dd7c935c83 '   itemscope=\"itemscope\" itemtype=\"https:\/\/schema.org\/CreativeWork\" ><div class='avia_textblock'  itemprop=\"text\" ><h2 class=\"p1\">Le jeu avec l'aile commence\u2026<\/h2>\n<p class=\"p1\">Sur une pente douce, tu gonfles le parapente, tu apprends \u00e0 le contr\u00f4ler au sol et tu t'entra\u00eenes \u00e0 atterrir.<\/p>\n<div id=\"test-popup\" class=\"white-popup mfp-hide\">\n<h2 class=\"entry-title\">Nos prochaines journ\u00e9es d'initiation<\/h2>\n<p dir=\"auto\"><div class='css-events-list'><table>\r\n    <thead>\r\n\t\t<tr>\r\n\t\t\t<th width=\"138\">Date\/temps<\/th>\r\n\t\t\t<th width=\"*\">\u00c9v\u00e9nement<\/th>\r\n\t\t<\/tr>\r\n \t<\/thead>\t<tbody>\r\n\t\t<tr>\r\n\t\t\t<td>\r\n                dimanche 10 mai 2026<br>\r\n\t            9:45 - 17:00\r\n\t        <\/td>\r\n            <td>\r\n                <a href=\"https:\/\/magiclift.ch\/fr\/events\/journee-dinitation-2026-05-10\/\">Journ\u00e9e d&#039;initation<\/a><br>\r\n                <i> Horgen<\/i>\r\n            <\/td>\r\n        <\/tr>\r\n\t<\/tbody>\r\n\t<tbody>\r\n\t\t<tr>\r\n\t\t\t<td>\r\n                dimanche 24 mai 2026<br>\r\n\t            9:45 - 17:00\r\n\t        <\/td>\r\n            <td>\r\n                <a href=\"https:\/\/magiclift.ch\/fr\/events\/journee-dinitation-2026-05-24\/\">Journ\u00e9e d&#039;initation<\/a><br>\r\n                <i> Horgen<\/i>\r\n            <\/td>\r\n        <\/tr>\r\n\t<\/tbody>\r\n\t<tbody>\r\n\t\t<tr>\r\n\t\t\t<td>\r\n                dimanche 14 juin 2026<br>\r\n\t            9:45 - 17:00\r\n\t        <\/td>\r\n            <td>\r\n                <a href=\"https:\/\/magiclift.ch\/fr\/events\/journee-dinitation-2026-06-14\/\">Journ\u00e9e d&#039;initation<\/a><br>\r\n                <i> Horgen<\/i>\r\n            <\/td>\r\n        <\/tr>\r\n\t<\/tbody>\r\n\t<tbody>\r\n\t\t<tr>\r\n\t\t\t<td>\r\n                dimanche 28 juin 2026<br>\r\n\t            9:45 - 17:00\r\n\t        <\/td>\r\n            <td>\r\n                <a href=\"https:\/\/magiclift.ch\/fr\/events\/journee-dinitation-2026-06-28\/\">Journ\u00e9e d&#039;initation<\/a><br>\r\n                <i> Horgen<\/i>\r\n            <\/td>\r\n        <\/tr>\r\n\t<\/tbody>\r\n\t<tbody>\r\n\t\t<tr>\r\n\t\t\t<td>\r\n                dimanche 12 juillet 2026<br>\r\n\t            9:45 - 17:00\r\n\t        <\/td>\r\n            <td>\r\n                <a href=\"https:\/\/magiclift.ch\/fr\/events\/journee-dinitation-2026-07-12\/\">Journ\u00e9e d&#039;initation<\/a><br>\r\n                <i> Horgen<\/i>\r\n            <\/td>\r\n        <\/tr>\r\n\t<\/tbody>\r\n\t<tbody>\r\n\t\t<tr>\r\n\t\t\t<td>\r\n                dimanche 26 juillet 2026<br>\r\n\t            9:45 - 17:00\r\n\t        <\/td>\r\n            <td>\r\n                <a href=\"https:\/\/magiclift.ch\/fr\/events\/journee-dinitation-2026-07-26\/\">Journ\u00e9e d&#039;initation<\/a><br>\r\n                <i> Horgen<\/i>\r\n            <\/td>\r\n        <\/tr>\r\n\t<\/tbody>\r\n\t<tbody>\r\n\t\t<tr>\r\n\t\t\t<td>\r\n                dimanche 9 ao\u00fbt 2026<br>\r\n\t            9:45 - 17:00\r\n\t        <\/td>\r\n            <td>\r\n                <a href=\"https:\/\/magiclift.ch\/fr\/events\/journee-dinitation-2026-08-09\/\">Journ\u00e9e d&#039;initation<\/a><br>\r\n                <i> Horgen<\/i>\r\n            <\/td>\r\n        <\/tr>\r\n\t<\/tbody>\r\n\t<tbody>\r\n\t\t<tr>\r\n\t\t\t<td>\r\n                dimanche 23 ao\u00fbt 2026<br>\r\n\t            9:45 - 17:00\r\n\t        <\/td>\r\n            <td>\r\n                <a href=\"https:\/\/magiclift.ch\/fr\/events\/journee-dinitation-2026-08-23\/\">Journ\u00e9e d&#039;initation<\/a><br>\r\n                <i> Horgen<\/i>\r\n            <\/td>\r\n        <\/tr>\r\n\t<\/tbody>\r\n\t<tbody>\r\n\t\t<tr>\r\n\t\t\t<td>\r\n                dimanche 13 septembre 2026<br>\r\n\t            9:45 - 17:00\r\n\t        <\/td>\r\n            <td>\r\n                <a href=\"https:\/\/magiclift.ch\/fr\/events\/journee-dinitation-2026-09-13\/\">Journ\u00e9e d&#039;initation<\/a><br>\r\n                <i> Horgen<\/i>\r\n            <\/td>\r\n        <\/tr>\r\n\t<\/tbody>\r\n\t<tbody>\r\n\t\t<tr>\r\n\t\t\t<td>\r\n                dimanche 27 septembre 2026<br>\r\n\t            9:45 - 17:00\r\n\t        <\/td>\r\n            <td>\r\n                <a href=\"https:\/\/magiclift.ch\/fr\/events\/journee-dinitation-2026-09-27\/\">Journ\u00e9e d&#039;initation<\/a><br>\r\n                <i> Horgen<\/i>\r\n            <\/td>\r\n        <\/tr>\r\n\t<\/tbody>\r\n<\/table><\/div><\/p>\n<\/div>\n<p>D\u00e8s les premiers essais, tu ressens tes premiers succ\u00e8s et fais tes premiers petits bonds. Avec quelques pas d\u00e9cid\u00e9s, tu d\u00e9colles vraiment pour tes premiers courts vols sur la pente \u00e9cole. Tu trouveras les prochaines occasions <a class=\"open-popup-link\" href=\"#test-popup\">\u00e0 ces dates<\/a>.<\/p>\n<details class=\"readmore-inline\">\n<summary data-close-text=\"Lire moins\">Lire la suite<\/summary>\n<p>Les conditions pr\u00e9alables sont un \u00e2ge minimum de 14 ans et un poids d'au moins 40 kg. Aucun talent sp\u00e9cial ni habilet\u00e9 particuli\u00e8re n'est requis. La curiosit\u00e9, l'int\u00e9r\u00eat, un peu d'endurance et des pas d\u00e9cid\u00e9s sont l'essentiel. L'attention, la r\u00e9activit\u00e9 et une bonne coordination corporelle sont des atouts. Tu trouveras plus de r\u00e9ponses \u00e0 tes premi\u00e8res questions dans notre <a href=\"https:\/\/magiclift.ch\/fr\/faq-alt\/\">FAQ sur le parapente<\/a>.<\/p>\n<p>Peu importe ton point de d\u00e9part, ta courbe d'apprentissage sera rapide et, \u00e0 chaque exercice, tu deviendras plus habile avec ton aile.<\/p>\n<\/details>\n<\/div><\/section><\/div>\n\n<style type=\"text\/css\" data-created_by=\"avia_inline_auto\" id=\"style-css-av-ml403chf-5c56a470965c7cc9cd4489f2cc93768b\">\n\n@media only screen and (min-width: 480px) and (max-width: 767px){ \n.flex_column.av-ml403chf-5c56a470965c7cc9cd4489f2cc93768b{\nposition:absolute;\ntop:30%;\nright:5vw;\n}\n}\n<\/style>\n<div  class='flex_column av-ml403chf-5c56a470965c7cc9cd4489f2cc93768b av_one_fourth  avia-builder-el-31  el_after_av_one_half  el_before_av_slideshow_full  avia-builder-el-last  flex_column_div av-custom-positioned av-hide-on-mobile  '     ><\/div>\n<\/div><\/div><\/div><!-- close content main div --><\/div><\/div><div id='slider_desktop'  class='avia-fullwidth-slider main_color avia-shadow av-small-hide av-mini-hide  avia-builder-el-32  el_after_av_one_fourth  el_before_av_slideshow_full   slider-not-first container_wrap fullsize'  ><div  class='avia-slideshow av-mln2wf2e-658837f85075bdc74e262de140728f7a avia-slideshow-no scaling av_slideshow_full avia-slide-slider av-small-hide av-mini-hide av-slideshow-ui av-control-hidden av-no-slider-navigation av-hide-nav-arrows av-slideshow-autoplay av-loop-endless av-loop-manual-once av-default-height-applied  image_no_stretch avia-slideshow-2' data-slideshow-options=\"{&quot;animation&quot;:&quot;slide&quot;,&quot;autoplay&quot;:true,&quot;loop_autoplay&quot;:&quot;endless&quot;,&quot;interval&quot;:4,&quot;loop_manual&quot;:&quot;manual-once&quot;,&quot;autoplay_stopper&quot;:false,&quot;noNavigation&quot;:true,&quot;bg_slider&quot;:false,&quot;keep_padding&quot;:false,&quot;hoverpause&quot;:false,&quot;show_slide_delay&quot;:0}\"  itemprop=\"image\" itemscope=\"itemscope\" itemtype=\"https:\/\/schema.org\/ImageObject\" ><ul class='avia-slideshow-inner ' style='padding-bottom: 56.25%;'><li  class='avia-slideshow-slide av-mln2wf2e-658837f85075bdc74e262de140728f7a__0  slide-1 slide-odd'><div data-rel='slideshow-2' class='avia-slide-wrap '   ><img decoding=\"async\" loading=\"lazy\" class=\"wp-image-60124 avia-img-lazy-loading-60124\"  src=\"https:\/\/magiclift.ch\/wp-content\/uploads\/2026\/01\/gleitschirm-schnuppertag-startvorbereitung-teilnehmer-quer.jpg\" width=\"1920\" height=\"1080\" title='gleitschirm-schnuppertag-startvorbereitung-teilnehmer-quer' alt=''  itemprop=\"thumbnailUrl\" srcset=\"https:\/\/magiclift.ch\/wp-content\/uploads\/2026\/01\/gleitschirm-schnuppertag-startvorbereitung-teilnehmer-quer.jpg 1920w, https:\/\/magiclift.ch\/wp-content\/uploads\/2026\/01\/gleitschirm-schnuppertag-startvorbereitung-teilnehmer-quer-300x169.jpg 300w, https:\/\/magiclift.ch\/wp-content\/uploads\/2026\/01\/gleitschirm-schnuppertag-startvorbereitung-teilnehmer-quer-1030x579.jpg 1030w, https:\/\/magiclift.ch\/wp-content\/uploads\/2026\/01\/gleitschirm-schnuppertag-startvorbereitung-teilnehmer-quer-768x432.jpg 768w, https:\/\/magiclift.ch\/wp-content\/uploads\/2026\/01\/gleitschirm-schnuppertag-startvorbereitung-teilnehmer-quer-1536x864.jpg 1536w, https:\/\/magiclift.ch\/wp-content\/uploads\/2026\/01\/gleitschirm-schnuppertag-startvorbereitung-teilnehmer-quer-1500x844.jpg 1500w, https:\/\/magiclift.ch\/wp-content\/uploads\/2026\/01\/gleitschirm-schnuppertag-startvorbereitung-teilnehmer-quer-705x397.jpg 705w, https:\/\/magiclift.ch\/wp-content\/uploads\/2026\/01\/gleitschirm-schnuppertag-startvorbereitung-teilnehmer-quer-450x253.jpg 450w\" sizes=\"auto, (max-width: 1920px) 100vw, 1920px\" \/><\/div><\/li><li  class='avia-slideshow-slide av-mln2wf2e-658837f85075bdc74e262de140728f7a__1  slide-2 slide-even'><div data-rel='slideshow-2' class='avia-slide-wrap '   ><img decoding=\"async\" loading=\"lazy\" class=\"wp-image-60109 avia-img-lazy-loading-60109\"  src=\"https:\/\/magiclift.ch\/wp-content\/uploads\/2026\/01\/gleitschirm-schnuppertag-aufziehen-uebungshang-quer.jpg\" width=\"1920\" height=\"1080\" title='gleitschirm-schnuppertag-aufziehen-uebungshang-quer' alt=''  itemprop=\"thumbnailUrl\" srcset=\"https:\/\/magiclift.ch\/wp-content\/uploads\/2026\/01\/gleitschirm-schnuppertag-aufziehen-uebungshang-quer.jpg 1920w, https:\/\/magiclift.ch\/wp-content\/uploads\/2026\/01\/gleitschirm-schnuppertag-aufziehen-uebungshang-quer-300x169.jpg 300w, https:\/\/magiclift.ch\/wp-content\/uploads\/2026\/01\/gleitschirm-schnuppertag-aufziehen-uebungshang-quer-1030x579.jpg 1030w, https:\/\/magiclift.ch\/wp-content\/uploads\/2026\/01\/gleitschirm-schnuppertag-aufziehen-uebungshang-quer-768x432.jpg 768w, https:\/\/magiclift.ch\/wp-content\/uploads\/2026\/01\/gleitschirm-schnuppertag-aufziehen-uebungshang-quer-1536x864.jpg 1536w, https:\/\/magiclift.ch\/wp-content\/uploads\/2026\/01\/gleitschirm-schnuppertag-aufziehen-uebungshang-quer-1500x844.jpg 1500w, https:\/\/magiclift.ch\/wp-content\/uploads\/2026\/01\/gleitschirm-schnuppertag-aufziehen-uebungshang-quer-705x397.jpg 705w, https:\/\/magiclift.ch\/wp-content\/uploads\/2026\/01\/gleitschirm-schnuppertag-aufziehen-uebungshang-quer-450x253.jpg 450w\" sizes=\"auto, (max-width: 1920px) 100vw, 1920px\" \/><\/div><\/li><li  class='avia-slideshow-slide av-mln2wf2e-658837f85075bdc74e262de140728f7a__2  slide-3 slide-odd'><div data-rel='slideshow-2' class='avia-slide-wrap '   ><img decoding=\"async\" loading=\"lazy\" class=\"wp-image-60088 avia-img-lazy-loading-60088\"  src=\"https:\/\/magiclift.ch\/wp-content\/uploads\/2026\/01\/gleitschirm-groundhandling-schueler-konzentriert-quer.jpg\" width=\"1920\" height=\"1080\" title='gleitschirm-groundhandling-schueler-konzentriert-quer' alt=''  itemprop=\"thumbnailUrl\" srcset=\"https:\/\/magiclift.ch\/wp-content\/uploads\/2026\/01\/gleitschirm-groundhandling-schueler-konzentriert-quer.jpg 1920w, https:\/\/magiclift.ch\/wp-content\/uploads\/2026\/01\/gleitschirm-groundhandling-schueler-konzentriert-quer-300x169.jpg 300w, https:\/\/magiclift.ch\/wp-content\/uploads\/2026\/01\/gleitschirm-groundhandling-schueler-konzentriert-quer-1030x579.jpg 1030w, https:\/\/magiclift.ch\/wp-content\/uploads\/2026\/01\/gleitschirm-groundhandling-schueler-konzentriert-quer-768x432.jpg 768w, https:\/\/magiclift.ch\/wp-content\/uploads\/2026\/01\/gleitschirm-groundhandling-schueler-konzentriert-quer-1536x864.jpg 1536w, https:\/\/magiclift.ch\/wp-content\/uploads\/2026\/01\/gleitschirm-groundhandling-schueler-konzentriert-quer-1500x844.jpg 1500w, https:\/\/magiclift.ch\/wp-content\/uploads\/2026\/01\/gleitschirm-groundhandling-schueler-konzentriert-quer-705x397.jpg 705w, https:\/\/magiclift.ch\/wp-content\/uploads\/2026\/01\/gleitschirm-groundhandling-schueler-konzentriert-quer-450x253.jpg 450w\" sizes=\"auto, (max-width: 1920px) 100vw, 1920px\" \/><\/div><\/li><li  class='avia-slideshow-slide av-mln2wf2e-658837f85075bdc74e262de140728f7a__3  slide-4 slide-even'><div data-rel='slideshow-2' class='avia-slide-wrap '   ><img decoding=\"async\" loading=\"lazy\" class=\"wp-image-60100 avia-img-lazy-loading-60100\"  src=\"https:\/\/magiclift.ch\/wp-content\/uploads\/2026\/01\/gleitschirm-grundkurs-flugschueler-abgehoben-uebungshang-quer.jpg\" width=\"1920\" height=\"1080\" title='gleitschirm-grundkurs-flugschueler-abgehoben-uebungshang-quer' alt=''  itemprop=\"thumbnailUrl\" srcset=\"https:\/\/magiclift.ch\/wp-content\/uploads\/2026\/01\/gleitschirm-grundkurs-flugschueler-abgehoben-uebungshang-quer.jpg 1920w, https:\/\/magiclift.ch\/wp-content\/uploads\/2026\/01\/gleitschirm-grundkurs-flugschueler-abgehoben-uebungshang-quer-300x169.jpg 300w, https:\/\/magiclift.ch\/wp-content\/uploads\/2026\/01\/gleitschirm-grundkurs-flugschueler-abgehoben-uebungshang-quer-1030x579.jpg 1030w, https:\/\/magiclift.ch\/wp-content\/uploads\/2026\/01\/gleitschirm-grundkurs-flugschueler-abgehoben-uebungshang-quer-768x432.jpg 768w, https:\/\/magiclift.ch\/wp-content\/uploads\/2026\/01\/gleitschirm-grundkurs-flugschueler-abgehoben-uebungshang-quer-1536x864.jpg 1536w, https:\/\/magiclift.ch\/wp-content\/uploads\/2026\/01\/gleitschirm-grundkurs-flugschueler-abgehoben-uebungshang-quer-1500x844.jpg 1500w, https:\/\/magiclift.ch\/wp-content\/uploads\/2026\/01\/gleitschirm-grundkurs-flugschueler-abgehoben-uebungshang-quer-705x397.jpg 705w, https:\/\/magiclift.ch\/wp-content\/uploads\/2026\/01\/gleitschirm-grundkurs-flugschueler-abgehoben-uebungshang-quer-450x253.jpg 450w\" sizes=\"auto, (max-width: 1920px) 100vw, 1920px\" \/><\/div><\/li><li  class='avia-slideshow-slide av-mln2wf2e-658837f85075bdc74e262de140728f7a__4  slide-5 slide-odd'><div data-rel='slideshow-2' class='avia-slide-wrap '   ><img decoding=\"async\" loading=\"lazy\" class=\"wp-image-60094 avia-img-lazy-loading-60094\"  src=\"https:\/\/magiclift.ch\/wp-content\/uploads\/2026\/01\/gleitschirm-grundkurs-anfaengerin-laufuebung-quer.jpg\" width=\"1920\" height=\"1080\" title='gleitschirm-grundkurs-anfaengerin-laufuebung-quer' alt=''  itemprop=\"thumbnailUrl\" srcset=\"https:\/\/magiclift.ch\/wp-content\/uploads\/2026\/01\/gleitschirm-grundkurs-anfaengerin-laufuebung-quer.jpg 1920w, https:\/\/magiclift.ch\/wp-content\/uploads\/2026\/01\/gleitschirm-grundkurs-anfaengerin-laufuebung-quer-300x169.jpg 300w, https:\/\/magiclift.ch\/wp-content\/uploads\/2026\/01\/gleitschirm-grundkurs-anfaengerin-laufuebung-quer-1030x579.jpg 1030w, https:\/\/magiclift.ch\/wp-content\/uploads\/2026\/01\/gleitschirm-grundkurs-anfaengerin-laufuebung-quer-768x432.jpg 768w, https:\/\/magiclift.ch\/wp-content\/uploads\/2026\/01\/gleitschirm-grundkurs-anfaengerin-laufuebung-quer-1536x864.jpg 1536w, https:\/\/magiclift.ch\/wp-content\/uploads\/2026\/01\/gleitschirm-grundkurs-anfaengerin-laufuebung-quer-1500x844.jpg 1500w, https:\/\/magiclift.ch\/wp-content\/uploads\/2026\/01\/gleitschirm-grundkurs-anfaengerin-laufuebung-quer-705x397.jpg 705w, https:\/\/magiclift.ch\/wp-content\/uploads\/2026\/01\/gleitschirm-grundkurs-anfaengerin-laufuebung-quer-450x253.jpg 450w\" sizes=\"auto, (max-width: 1920px) 100vw, 1920px\" \/><\/div><\/li><\/ul><div class='avia-slideshow-arrows avia-slideshow-controls' ><a href='#prev' class='prev-slide  avia-svg-icon avia-font-svg_entypo-fontello' data-av_svg_icon='left-open-big' data-av_iconset='svg_entypo-fontello' tabindex='-1' title=\"Pr\u00e9c\u00e9dent\"><svg version=\"1.1\" xmlns=\"http:\/\/www.w3.org\/2000\/svg\" width=\"15\" height=\"32\" viewBox=\"0 0 15 32\" preserveAspectRatio=\"xMidYMid meet\" aria-labelledby='av-svg-title-3' aria-describedby='av-svg-desc-3' role=\"graphics-symbol\" aria-hidden=\"true\">\n<title id='av-svg-title-3'>Pr\u00e9c\u00e9dent<\/title>\n<desc id='av-svg-desc-3'>Pr\u00e9c\u00e9dent<\/desc>\n<path d=\"M14.464 27.84q0.832 0.832 0 1.536-0.832 0.832-1.536 0l-12.544-12.608q-0.768-0.768 0-1.6l12.544-12.608q0.704-0.832 1.536 0 0.832 0.704 0 1.536l-11.456 11.904z\"><\/path>\n<\/svg><span class='avia_hidden_link_text'>Pr\u00e9c\u00e9dent<\/span><\/a><a href='#next' class='next-slide  avia-svg-icon avia-font-svg_entypo-fontello' data-av_svg_icon='right-open-big' data-av_iconset='svg_entypo-fontello' tabindex='-1' title=\"Suivant\"><svg version=\"1.1\" xmlns=\"http:\/\/www.w3.org\/2000\/svg\" width=\"15\" height=\"32\" viewBox=\"0 0 15 32\" preserveAspectRatio=\"xMidYMid meet\" aria-labelledby='av-svg-title-4' aria-describedby='av-svg-desc-4' role=\"graphics-symbol\" aria-hidden=\"true\">\n<title id='av-svg-title-4'>Suivant<\/title>\n<desc id='av-svg-desc-4'>Suivant<\/desc>\n<path d=\"M0.416 27.84l11.456-11.84-11.456-11.904q-0.832-0.832 0-1.536 0.832-0.832 1.536 0l12.544 12.608q0.768 0.832 0 1.6l-12.544 12.608q-0.704 0.832-1.536 0-0.832-0.704 0-1.536z\"><\/path>\n<\/svg><span class='avia_hidden_link_text'>Suivant<\/span><\/a><\/div><\/div><\/div>\n<div id='slider_mobile'  class='avia-fullwidth-slider main_color avia-shadow av-desktop-hide av-medium-hide  avia-builder-el-33  el_after_av_slideshow_full  el_before_av_two_third   slider-not-first container_wrap fullsize'  ><div  class='avia-slideshow av-mln2wlyj-49a7718f9eb76c05e75da1a8849fdd36 avia-slideshow-no scaling av_slideshow_full avia-slide-slider av-desktop-hide av-medium-hide av-slideshow-ui av-control-hidden av-no-slider-navigation av-hide-nav-arrows av-slideshow-autoplay av-loop-endless av-loop-manual-once av-default-height-applied  image_no_stretch avia-slideshow-3' data-slideshow-options=\"{&quot;animation&quot;:&quot;slide&quot;,&quot;autoplay&quot;:true,&quot;loop_autoplay&quot;:&quot;endless&quot;,&quot;interval&quot;:4,&quot;loop_manual&quot;:&quot;manual-once&quot;,&quot;autoplay_stopper&quot;:false,&quot;noNavigation&quot;:true,&quot;bg_slider&quot;:false,&quot;keep_padding&quot;:false,&quot;hoverpause&quot;:false,&quot;show_slide_delay&quot;:0}\"  itemprop=\"image\" itemscope=\"itemscope\" itemtype=\"https:\/\/schema.org\/ImageObject\" ><ul class='avia-slideshow-inner ' style='padding-bottom: 177.77777777778%;'><li  class='avia-slideshow-slide av-mln2wlyj-49a7718f9eb76c05e75da1a8849fdd36__0  slide-1 slide-odd'><div data-rel='slideshow-3' class='avia-slide-wrap '   ><img decoding=\"async\" loading=\"lazy\" class=\"wp-image-61890 avia-img-lazy-loading-61890\"  src=\"https:\/\/magiclift.ch\/wp-content\/uploads\/2026\/02\/startklare-schuelerin-uebungshang-rueckwaertsstart-hoch.jpg\" width=\"1080\" height=\"1920\" title='startklare-schuelerin-uebungshang-rueckwaertsstart-hoch' alt=''  itemprop=\"thumbnailUrl\" srcset=\"https:\/\/magiclift.ch\/wp-content\/uploads\/2026\/02\/startklare-schuelerin-uebungshang-rueckwaertsstart-hoch.jpg 1080w, https:\/\/magiclift.ch\/wp-content\/uploads\/2026\/02\/startklare-schuelerin-uebungshang-rueckwaertsstart-hoch-169x300.jpg 169w, https:\/\/magiclift.ch\/wp-content\/uploads\/2026\/02\/startklare-schuelerin-uebungshang-rueckwaertsstart-hoch-579x1030.jpg 579w, https:\/\/magiclift.ch\/wp-content\/uploads\/2026\/02\/startklare-schuelerin-uebungshang-rueckwaertsstart-hoch-768x1365.jpg 768w, https:\/\/magiclift.ch\/wp-content\/uploads\/2026\/02\/startklare-schuelerin-uebungshang-rueckwaertsstart-hoch-864x1536.jpg 864w, https:\/\/magiclift.ch\/wp-content\/uploads\/2026\/02\/startklare-schuelerin-uebungshang-rueckwaertsstart-hoch-844x1500.jpg 844w, https:\/\/magiclift.ch\/wp-content\/uploads\/2026\/02\/startklare-schuelerin-uebungshang-rueckwaertsstart-hoch-397x705.jpg 397w, https:\/\/magiclift.ch\/wp-content\/uploads\/2026\/02\/startklare-schuelerin-uebungshang-rueckwaertsstart-hoch-450x800.jpg 450w\" sizes=\"auto, (max-width: 1080px) 100vw, 1080px\" \/><\/div><\/li><li  class='avia-slideshow-slide av-mln2wlyj-49a7718f9eb76c05e75da1a8849fdd36__1  slide-2 slide-even'><div data-rel='slideshow-3' class='avia-slide-wrap '   ><img decoding=\"async\" loading=\"lazy\" class=\"wp-image-60064 avia-img-lazy-loading-60064\"  src=\"https:\/\/magiclift.ch\/wp-content\/uploads\/2026\/01\/gleitschirm-flugschueler-laufuebungen-hoch.jpg\" width=\"1080\" height=\"1920\" title='gleitschirm-flugschueler-laufuebungen-hoch' alt=''  itemprop=\"thumbnailUrl\" srcset=\"https:\/\/magiclift.ch\/wp-content\/uploads\/2026\/01\/gleitschirm-flugschueler-laufuebungen-hoch.jpg 1080w, https:\/\/magiclift.ch\/wp-content\/uploads\/2026\/01\/gleitschirm-flugschueler-laufuebungen-hoch-169x300.jpg 169w, https:\/\/magiclift.ch\/wp-content\/uploads\/2026\/01\/gleitschirm-flugschueler-laufuebungen-hoch-579x1030.jpg 579w, https:\/\/magiclift.ch\/wp-content\/uploads\/2026\/01\/gleitschirm-flugschueler-laufuebungen-hoch-768x1365.jpg 768w, https:\/\/magiclift.ch\/wp-content\/uploads\/2026\/01\/gleitschirm-flugschueler-laufuebungen-hoch-864x1536.jpg 864w, https:\/\/magiclift.ch\/wp-content\/uploads\/2026\/01\/gleitschirm-flugschueler-laufuebungen-hoch-844x1500.jpg 844w, https:\/\/magiclift.ch\/wp-content\/uploads\/2026\/01\/gleitschirm-flugschueler-laufuebungen-hoch-397x705.jpg 397w, https:\/\/magiclift.ch\/wp-content\/uploads\/2026\/01\/gleitschirm-flugschueler-laufuebungen-hoch-450x800.jpg 450w\" sizes=\"auto, (max-width: 1080px) 100vw, 1080px\" \/><\/div><\/li><li  class='avia-slideshow-slide av-mln2wlyj-49a7718f9eb76c05e75da1a8849fdd36__2  slide-3 slide-odd'><div data-rel='slideshow-3' class='avia-slide-wrap '   ><img decoding=\"async\" loading=\"lazy\" class=\"wp-image-60067 avia-img-lazy-loading-60067\"  src=\"https:\/\/magiclift.ch\/wp-content\/uploads\/2026\/01\/gleitschirm-flugschueler-schirm-zusammenraffen-hoch.jpg\" width=\"1080\" height=\"1920\" title='gleitschirm-flugschueler-schirm-zusammenraffen-hoch' alt=''  itemprop=\"thumbnailUrl\" srcset=\"https:\/\/magiclift.ch\/wp-content\/uploads\/2026\/01\/gleitschirm-flugschueler-schirm-zusammenraffen-hoch.jpg 1080w, https:\/\/magiclift.ch\/wp-content\/uploads\/2026\/01\/gleitschirm-flugschueler-schirm-zusammenraffen-hoch-169x300.jpg 169w, https:\/\/magiclift.ch\/wp-content\/uploads\/2026\/01\/gleitschirm-flugschueler-schirm-zusammenraffen-hoch-579x1030.jpg 579w, https:\/\/magiclift.ch\/wp-content\/uploads\/2026\/01\/gleitschirm-flugschueler-schirm-zusammenraffen-hoch-768x1365.jpg 768w, https:\/\/magiclift.ch\/wp-content\/uploads\/2026\/01\/gleitschirm-flugschueler-schirm-zusammenraffen-hoch-864x1536.jpg 864w, https:\/\/magiclift.ch\/wp-content\/uploads\/2026\/01\/gleitschirm-flugschueler-schirm-zusammenraffen-hoch-844x1500.jpg 844w, https:\/\/magiclift.ch\/wp-content\/uploads\/2026\/01\/gleitschirm-flugschueler-schirm-zusammenraffen-hoch-397x705.jpg 397w, https:\/\/magiclift.ch\/wp-content\/uploads\/2026\/01\/gleitschirm-flugschueler-schirm-zusammenraffen-hoch-450x800.jpg 450w\" sizes=\"auto, (max-width: 1080px) 100vw, 1080px\" \/><\/div><\/li><li  class='avia-slideshow-slide av-mln2wlyj-49a7718f9eb76c05e75da1a8849fdd36__3  slide-4 slide-even'><div data-rel='slideshow-3' class='avia-slide-wrap '   ><img decoding=\"async\" loading=\"lazy\" class=\"wp-image-60220 avia-img-lazy-loading-60220\"  src=\"https:\/\/magiclift.ch\/wp-content\/uploads\/2026\/01\/gleitschirm-uebungshang-flugschuelerin-abgehoben-hoch.jpg\" width=\"1080\" height=\"1920\" title='gleitschirm-uebungshang-flugschuelerin-abgehoben-hoch' alt=''  itemprop=\"thumbnailUrl\" srcset=\"https:\/\/magiclift.ch\/wp-content\/uploads\/2026\/01\/gleitschirm-uebungshang-flugschuelerin-abgehoben-hoch.jpg 1080w, https:\/\/magiclift.ch\/wp-content\/uploads\/2026\/01\/gleitschirm-uebungshang-flugschuelerin-abgehoben-hoch-169x300.jpg 169w, https:\/\/magiclift.ch\/wp-content\/uploads\/2026\/01\/gleitschirm-uebungshang-flugschuelerin-abgehoben-hoch-579x1030.jpg 579w, https:\/\/magiclift.ch\/wp-content\/uploads\/2026\/01\/gleitschirm-uebungshang-flugschuelerin-abgehoben-hoch-768x1365.jpg 768w, https:\/\/magiclift.ch\/wp-content\/uploads\/2026\/01\/gleitschirm-uebungshang-flugschuelerin-abgehoben-hoch-864x1536.jpg 864w, https:\/\/magiclift.ch\/wp-content\/uploads\/2026\/01\/gleitschirm-uebungshang-flugschuelerin-abgehoben-hoch-844x1500.jpg 844w, https:\/\/magiclift.ch\/wp-content\/uploads\/2026\/01\/gleitschirm-uebungshang-flugschuelerin-abgehoben-hoch-397x705.jpg 397w, https:\/\/magiclift.ch\/wp-content\/uploads\/2026\/01\/gleitschirm-uebungshang-flugschuelerin-abgehoben-hoch-450x800.jpg 450w\" sizes=\"auto, (max-width: 1080px) 100vw, 1080px\" \/><\/div><\/li><\/ul><div class='avia-slideshow-arrows avia-slideshow-controls' ><a href='#prev' class='prev-slide  avia-svg-icon avia-font-svg_entypo-fontello' data-av_svg_icon='left-open-big' data-av_iconset='svg_entypo-fontello' tabindex='-1' title=\"Pr\u00e9c\u00e9dent\"><svg version=\"1.1\" xmlns=\"http:\/\/www.w3.org\/2000\/svg\" width=\"15\" height=\"32\" viewBox=\"0 0 15 32\" preserveAspectRatio=\"xMidYMid meet\" aria-labelledby='av-svg-title-5' aria-describedby='av-svg-desc-5' role=\"graphics-symbol\" aria-hidden=\"true\">\n<title id='av-svg-title-5'>Pr\u00e9c\u00e9dent<\/title>\n<desc id='av-svg-desc-5'>Pr\u00e9c\u00e9dent<\/desc>\n<path d=\"M14.464 27.84q0.832 0.832 0 1.536-0.832 0.832-1.536 0l-12.544-12.608q-0.768-0.768 0-1.6l12.544-12.608q0.704-0.832 1.536 0 0.832 0.704 0 1.536l-11.456 11.904z\"><\/path>\n<\/svg><span class='avia_hidden_link_text'>Pr\u00e9c\u00e9dent<\/span><\/a><a href='#next' class='next-slide  avia-svg-icon avia-font-svg_entypo-fontello' data-av_svg_icon='right-open-big' data-av_iconset='svg_entypo-fontello' tabindex='-1' title=\"Suivant\"><svg version=\"1.1\" xmlns=\"http:\/\/www.w3.org\/2000\/svg\" width=\"15\" height=\"32\" viewBox=\"0 0 15 32\" preserveAspectRatio=\"xMidYMid meet\" aria-labelledby='av-svg-title-6' aria-describedby='av-svg-desc-6' role=\"graphics-symbol\" aria-hidden=\"true\">\n<title id='av-svg-title-6'>Suivant<\/title>\n<desc id='av-svg-desc-6'>Suivant<\/desc>\n<path d=\"M0.416 27.84l11.456-11.84-11.456-11.904q-0.832-0.832 0-1.536 0.832-0.832 1.536 0l12.544 12.608q0.768 0.832 0 1.6l-12.544 12.608q-0.704 0.832-1.536 0-0.832-0.704 0-1.536z\"><\/path>\n<\/svg><span class='avia_hidden_link_text'>Suivant<\/span><\/a><\/div><\/div><\/div><div id='after_full_slider_3'  class='main_color av_default_container_wrap container_wrap fullsize'  ><div class='container av-section-cont-open' ><div class='template-page content  av-content-full alpha units'><div class='post-entry post-entry-type-page post-entry-63998'><div class='entry-content-wrapper clearfix'>\n<div  id=\"formation-de-base\"  class='flex_column av-njfkw0-9348b521bd427907848178f4f9d55dd0 av_two_third  avia-builder-el-34  el_after_av_slideshow_full  el_before_av_one_third  avia-builder-el-first  first flex_column_div  '     ><section  class='av_textblock_section av-yusczk-30559b9b833c9871624304f340aa1a48 '   itemscope=\"itemscope\" itemtype=\"https:\/\/schema.org\/CreativeWork\" ><div class='avia_textblock'  itemprop=\"text\" ><h2 class=\"p1\">Gonflage, contr\u00f4le de l'aile et pratique de l'atterrissage<\/h2>\n<p class=\"p1\">Une fois mordu par le virus du vol, tu poursuis ton apprentissage durant environ cinq jours en cours de base sur la pente \u00e9cole avec d'autres exercices au sol pour ma\u00eetriser les d\u00e9collages et atterrissages en toute s\u00e9curit\u00e9. Les courts vols plan\u00e9s ne sont pas en reste. Durant cette phase, tu te pr\u00e9pares sp\u00e9cifiquement pour ton premier grand vol.<\/p>\n<details class=\"readmore-inline\">\n<summary data-close-text=\"Lire moins\">Lire la suite<\/summary>\n<p>Pour que tu puisses progresser rapidement et t'am\u00e9liorer, tu re\u00e7ois un feedback direct sur tous tes exercices, tes d\u00e9collages et tes atterrissages.<\/p>\n<p>Ta progression est consign\u00e9e et tu d\u00e9veloppes un vrai feeling pour les r\u00e9actions de ton aile. Tout devient de plus en plus fluide et naturel.<\/p>\n<\/details>\n<\/div><\/section><\/div>\n<div  class='flex_column av-zo9bfk-dbd74e37b6de5a6269255fff7a00548f av_one_third  avia-builder-el-36  el_after_av_two_third  el_before_av_masonry_gallery  avia-builder-el-last  flex_column_div  '     ><\/div>\n<div id='av-masonry-1' class='av-masonry av-mlhuljbl-77f18373d7315cc34ae69c7787012607 noHover av-flex-size av-no-gap av-hover-overlay-active av-masonry-animation-active av-masonry-col-4 av-caption-always av-caption-style- av-masonry-gallery av-small-hide av-mini-hide ' data-post_id=\"63998\"><div class=\"av-masonry-container isotope av-js-disabled\"><div class='av-masonry-entry isotope-item av-masonry-item-no-image '><\/div><a href=\"https:\/\/magiclift.ch\/wp-content\/uploads\/2026\/01\/gleitschirm-schnuppertag-flugschuelerin-uebungshang-abgehoben-hoch-579x1030.jpg\" data-srcset=\"https:\/\/magiclift.ch\/wp-content\/uploads\/2026\/01\/gleitschirm-schnuppertag-flugschuelerin-uebungshang-abgehoben-hoch-579x1030.jpg 579w, https:\/\/magiclift.ch\/wp-content\/uploads\/2026\/01\/gleitschirm-schnuppertag-flugschuelerin-uebungshang-abgehoben-hoch-169x300.jpg 169w, https:\/\/magiclift.ch\/wp-content\/uploads\/2026\/01\/gleitschirm-schnuppertag-flugschuelerin-uebungshang-abgehoben-hoch-768x1365.jpg 768w, https:\/\/magiclift.ch\/wp-content\/uploads\/2026\/01\/gleitschirm-schnuppertag-flugschuelerin-uebungshang-abgehoben-hoch-864x1536.jpg 864w, https:\/\/magiclift.ch\/wp-content\/uploads\/2026\/01\/gleitschirm-schnuppertag-flugschuelerin-uebungshang-abgehoben-hoch-844x1500.jpg 844w, https:\/\/magiclift.ch\/wp-content\/uploads\/2026\/01\/gleitschirm-schnuppertag-flugschuelerin-uebungshang-abgehoben-hoch-397x705.jpg 397w, https:\/\/magiclift.ch\/wp-content\/uploads\/2026\/01\/gleitschirm-schnuppertag-flugschuelerin-uebungshang-abgehoben-hoch-450x800.jpg 450w, https:\/\/magiclift.ch\/wp-content\/uploads\/2026\/01\/gleitschirm-schnuppertag-flugschuelerin-uebungshang-abgehoben-hoch.jpg 1080w\" data-sizes=\"(max-width: 579px) 100vw, 579px\"  aria-label=\"image gleitschirm-schnuppertag-flugschuelerin-uebungshang-abgehoben-hoch\"  id='av-masonry-1-item-60118' data-av-masonry-item='60118' class='av-masonry-entry isotope-item post-60118 attachment type-attachment status-inherit hentry  av-masonry-item-with-image' title=\"gleitschirm-schnuppertag-flugschuelerin-uebungshang-abgehoben-hoch\" alt=\"\"    itemprop=\"thumbnailUrl\" ><div class='av-inner-masonry-sizer'><\/div><figure class='av-inner-masonry main_color'><div class=\"av-masonry-outerimage-container\"><div class='av-masonry-image-container'  ><img decoding=\"async\" width=\"1080\" height=\"1920\" loading=\"lazy\" class=\"wp-image-60118 avia-img-lazy-loading-60118\"  src=\"https:\/\/magiclift.ch\/wp-content\/uploads\/2026\/01\/gleitschirm-schnuppertag-flugschuelerin-uebungshang-abgehoben-hoch.jpg\" title=\"gleitschirm-schnuppertag-flugschuelerin-uebungshang-abgehoben-hoch\" alt=\"\" srcset=\"https:\/\/magiclift.ch\/wp-content\/uploads\/2026\/01\/gleitschirm-schnuppertag-flugschuelerin-uebungshang-abgehoben-hoch.jpg 1080w, https:\/\/magiclift.ch\/wp-content\/uploads\/2026\/01\/gleitschirm-schnuppertag-flugschuelerin-uebungshang-abgehoben-hoch-169x300.jpg 169w, https:\/\/magiclift.ch\/wp-content\/uploads\/2026\/01\/gleitschirm-schnuppertag-flugschuelerin-uebungshang-abgehoben-hoch-579x1030.jpg 579w, https:\/\/magiclift.ch\/wp-content\/uploads\/2026\/01\/gleitschirm-schnuppertag-flugschuelerin-uebungshang-abgehoben-hoch-768x1365.jpg 768w, https:\/\/magiclift.ch\/wp-content\/uploads\/2026\/01\/gleitschirm-schnuppertag-flugschuelerin-uebungshang-abgehoben-hoch-864x1536.jpg 864w, https:\/\/magiclift.ch\/wp-content\/uploads\/2026\/01\/gleitschirm-schnuppertag-flugschuelerin-uebungshang-abgehoben-hoch-844x1500.jpg 844w, https:\/\/magiclift.ch\/wp-content\/uploads\/2026\/01\/gleitschirm-schnuppertag-flugschuelerin-uebungshang-abgehoben-hoch-397x705.jpg 397w, https:\/\/magiclift.ch\/wp-content\/uploads\/2026\/01\/gleitschirm-schnuppertag-flugschuelerin-uebungshang-abgehoben-hoch-450x800.jpg 450w\" sizes=\"auto, (max-width: 1080px) 100vw, 1080px\" \/><\/div><\/div><\/figure><\/a><!--end av-masonry entry--><a href=\"https:\/\/magiclift.ch\/wp-content\/uploads\/2026\/01\/gleitschirm-groundhandling-fruehling-kobra-hoch-579x1030.jpg\" data-srcset=\"https:\/\/magiclift.ch\/wp-content\/uploads\/2026\/01\/gleitschirm-groundhandling-fruehling-kobra-hoch-579x1030.jpg 579w, https:\/\/magiclift.ch\/wp-content\/uploads\/2026\/01\/gleitschirm-groundhandling-fruehling-kobra-hoch-169x300.jpg 169w, https:\/\/magiclift.ch\/wp-content\/uploads\/2026\/01\/gleitschirm-groundhandling-fruehling-kobra-hoch-768x1365.jpg 768w, https:\/\/magiclift.ch\/wp-content\/uploads\/2026\/01\/gleitschirm-groundhandling-fruehling-kobra-hoch-864x1536.jpg 864w, https:\/\/magiclift.ch\/wp-content\/uploads\/2026\/01\/gleitschirm-groundhandling-fruehling-kobra-hoch-844x1500.jpg 844w, https:\/\/magiclift.ch\/wp-content\/uploads\/2026\/01\/gleitschirm-groundhandling-fruehling-kobra-hoch-397x705.jpg 397w, https:\/\/magiclift.ch\/wp-content\/uploads\/2026\/01\/gleitschirm-groundhandling-fruehling-kobra-hoch-450x800.jpg 450w, https:\/\/magiclift.ch\/wp-content\/uploads\/2026\/01\/gleitschirm-groundhandling-fruehling-kobra-hoch.jpg 1080w\" data-sizes=\"(max-width: 579px) 100vw, 579px\"  aria-label=\"image gleitschirm-groundhandling-fruehling-kobra-hoch\"  id='av-masonry-1-item-60085' data-av-masonry-item='60085' class='av-masonry-entry isotope-item post-60085 attachment type-attachment status-inherit hentry  av-masonry-item-with-image' title=\"gleitschirm-groundhandling-fruehling-kobra-hoch\" alt=\"\"    itemprop=\"thumbnailUrl\" ><div class='av-inner-masonry-sizer'><\/div><figure class='av-inner-masonry main_color'><div class=\"av-masonry-outerimage-container\"><div class='av-masonry-image-container'  ><img decoding=\"async\" width=\"1080\" height=\"1920\" loading=\"lazy\" class=\"wp-image-60085 avia-img-lazy-loading-60085\"  src=\"https:\/\/magiclift.ch\/wp-content\/uploads\/2026\/01\/gleitschirm-groundhandling-fruehling-kobra-hoch.jpg\" title=\"gleitschirm-groundhandling-fruehling-kobra-hoch\" alt=\"\" srcset=\"https:\/\/magiclift.ch\/wp-content\/uploads\/2026\/01\/gleitschirm-groundhandling-fruehling-kobra-hoch.jpg 1080w, https:\/\/magiclift.ch\/wp-content\/uploads\/2026\/01\/gleitschirm-groundhandling-fruehling-kobra-hoch-169x300.jpg 169w, https:\/\/magiclift.ch\/wp-content\/uploads\/2026\/01\/gleitschirm-groundhandling-fruehling-kobra-hoch-579x1030.jpg 579w, https:\/\/magiclift.ch\/wp-content\/uploads\/2026\/01\/gleitschirm-groundhandling-fruehling-kobra-hoch-768x1365.jpg 768w, https:\/\/magiclift.ch\/wp-content\/uploads\/2026\/01\/gleitschirm-groundhandling-fruehling-kobra-hoch-864x1536.jpg 864w, https:\/\/magiclift.ch\/wp-content\/uploads\/2026\/01\/gleitschirm-groundhandling-fruehling-kobra-hoch-844x1500.jpg 844w, https:\/\/magiclift.ch\/wp-content\/uploads\/2026\/01\/gleitschirm-groundhandling-fruehling-kobra-hoch-397x705.jpg 397w, https:\/\/magiclift.ch\/wp-content\/uploads\/2026\/01\/gleitschirm-groundhandling-fruehling-kobra-hoch-450x800.jpg 450w\" sizes=\"auto, (max-width: 1080px) 100vw, 1080px\" \/><\/div><\/div><\/figure><\/a><!--end av-masonry entry--><a href=\"https:\/\/magiclift.ch\/wp-content\/uploads\/2026\/01\/groundhandling-fruehling-schirmkontrolle-alp-scheidegg-hoch-579x1030.jpg\" data-srcset=\"https:\/\/magiclift.ch\/wp-content\/uploads\/2026\/01\/groundhandling-fruehling-schirmkontrolle-alp-scheidegg-hoch-579x1030.jpg 579w, https:\/\/magiclift.ch\/wp-content\/uploads\/2026\/01\/groundhandling-fruehling-schirmkontrolle-alp-scheidegg-hoch-169x300.jpg 169w, https:\/\/magiclift.ch\/wp-content\/uploads\/2026\/01\/groundhandling-fruehling-schirmkontrolle-alp-scheidegg-hoch-768x1365.jpg 768w, https:\/\/magiclift.ch\/wp-content\/uploads\/2026\/01\/groundhandling-fruehling-schirmkontrolle-alp-scheidegg-hoch-864x1536.jpg 864w, https:\/\/magiclift.ch\/wp-content\/uploads\/2026\/01\/groundhandling-fruehling-schirmkontrolle-alp-scheidegg-hoch-844x1500.jpg 844w, https:\/\/magiclift.ch\/wp-content\/uploads\/2026\/01\/groundhandling-fruehling-schirmkontrolle-alp-scheidegg-hoch-397x705.jpg 397w, https:\/\/magiclift.ch\/wp-content\/uploads\/2026\/01\/groundhandling-fruehling-schirmkontrolle-alp-scheidegg-hoch-450x800.jpg 450w, https:\/\/magiclift.ch\/wp-content\/uploads\/2026\/01\/groundhandling-fruehling-schirmkontrolle-alp-scheidegg-hoch.jpg 1080w\" data-sizes=\"(max-width: 579px) 100vw, 579px\"  aria-label=\"image groundhandling-fruehling-schirmkontrolle-alp-scheidegg-hoch\"  id='av-masonry-1-item-60667' data-av-masonry-item='60667' class='av-masonry-entry isotope-item post-60667 attachment type-attachment status-inherit hentry  av-masonry-item-with-image' title=\"groundhandling-fruehling-schirmkontrolle-alp-scheidegg-hoch\" alt=\"\"    itemprop=\"thumbnailUrl\" ><div class='av-inner-masonry-sizer'><\/div><figure class='av-inner-masonry main_color'><div class=\"av-masonry-outerimage-container\"><div class='av-masonry-image-container'  ><img decoding=\"async\" width=\"1080\" height=\"1920\" loading=\"lazy\" class=\"wp-image-60667 avia-img-lazy-loading-60667\"  src=\"https:\/\/magiclift.ch\/wp-content\/uploads\/2026\/01\/groundhandling-fruehling-schirmkontrolle-alp-scheidegg-hoch.jpg\" title=\"groundhandling-fruehling-schirmkontrolle-alp-scheidegg-hoch\" alt=\"\" srcset=\"https:\/\/magiclift.ch\/wp-content\/uploads\/2026\/01\/groundhandling-fruehling-schirmkontrolle-alp-scheidegg-hoch.jpg 1080w, https:\/\/magiclift.ch\/wp-content\/uploads\/2026\/01\/groundhandling-fruehling-schirmkontrolle-alp-scheidegg-hoch-169x300.jpg 169w, https:\/\/magiclift.ch\/wp-content\/uploads\/2026\/01\/groundhandling-fruehling-schirmkontrolle-alp-scheidegg-hoch-579x1030.jpg 579w, https:\/\/magiclift.ch\/wp-content\/uploads\/2026\/01\/groundhandling-fruehling-schirmkontrolle-alp-scheidegg-hoch-768x1365.jpg 768w, https:\/\/magiclift.ch\/wp-content\/uploads\/2026\/01\/groundhandling-fruehling-schirmkontrolle-alp-scheidegg-hoch-864x1536.jpg 864w, https:\/\/magiclift.ch\/wp-content\/uploads\/2026\/01\/groundhandling-fruehling-schirmkontrolle-alp-scheidegg-hoch-844x1500.jpg 844w, https:\/\/magiclift.ch\/wp-content\/uploads\/2026\/01\/groundhandling-fruehling-schirmkontrolle-alp-scheidegg-hoch-397x705.jpg 397w, https:\/\/magiclift.ch\/wp-content\/uploads\/2026\/01\/groundhandling-fruehling-schirmkontrolle-alp-scheidegg-hoch-450x800.jpg 450w\" sizes=\"auto, (max-width: 1080px) 100vw, 1080px\" \/><\/div><\/div><\/figure><\/a><!--end av-masonry entry--><a href=\"https:\/\/magiclift.ch\/wp-content\/uploads\/2026\/01\/gleitschirm-grundkurs-flugschuelerin-punktlandung-hoch-579x1030.jpg\" data-srcset=\"https:\/\/magiclift.ch\/wp-content\/uploads\/2026\/01\/gleitschirm-grundkurs-flugschuelerin-punktlandung-hoch-579x1030.jpg 579w, https:\/\/magiclift.ch\/wp-content\/uploads\/2026\/01\/gleitschirm-grundkurs-flugschuelerin-punktlandung-hoch-169x300.jpg 169w, https:\/\/magiclift.ch\/wp-content\/uploads\/2026\/01\/gleitschirm-grundkurs-flugschuelerin-punktlandung-hoch-768x1365.jpg 768w, https:\/\/magiclift.ch\/wp-content\/uploads\/2026\/01\/gleitschirm-grundkurs-flugschuelerin-punktlandung-hoch-864x1536.jpg 864w, https:\/\/magiclift.ch\/wp-content\/uploads\/2026\/01\/gleitschirm-grundkurs-flugschuelerin-punktlandung-hoch-844x1500.jpg 844w, https:\/\/magiclift.ch\/wp-content\/uploads\/2026\/01\/gleitschirm-grundkurs-flugschuelerin-punktlandung-hoch-397x705.jpg 397w, https:\/\/magiclift.ch\/wp-content\/uploads\/2026\/01\/gleitschirm-grundkurs-flugschuelerin-punktlandung-hoch-450x800.jpg 450w, https:\/\/magiclift.ch\/wp-content\/uploads\/2026\/01\/gleitschirm-grundkurs-flugschuelerin-punktlandung-hoch.jpg 1080w\" data-sizes=\"(max-width: 579px) 100vw, 579px\"  aria-label=\"image gleitschirm-grundkurs-flugschuelerin-punktlandung-hoch\"  id='av-masonry-1-item-60103' data-av-masonry-item='60103' class='av-masonry-entry isotope-item post-60103 attachment type-attachment status-inherit hentry  av-masonry-item-with-image' title=\"gleitschirm-grundkurs-flugschuelerin-punktlandung-hoch\" alt=\"\"    itemprop=\"thumbnailUrl\" ><div class='av-inner-masonry-sizer'><\/div><figure class='av-inner-masonry main_color'><div class=\"av-masonry-outerimage-container\"><div class='av-masonry-image-container'  ><img decoding=\"async\" width=\"1080\" height=\"1920\" loading=\"lazy\" class=\"wp-image-60103 avia-img-lazy-loading-60103\"  src=\"https:\/\/magiclift.ch\/wp-content\/uploads\/2026\/01\/gleitschirm-grundkurs-flugschuelerin-punktlandung-hoch.jpg\" title=\"gleitschirm-grundkurs-flugschuelerin-punktlandung-hoch\" alt=\"\" srcset=\"https:\/\/magiclift.ch\/wp-content\/uploads\/2026\/01\/gleitschirm-grundkurs-flugschuelerin-punktlandung-hoch.jpg 1080w, https:\/\/magiclift.ch\/wp-content\/uploads\/2026\/01\/gleitschirm-grundkurs-flugschuelerin-punktlandung-hoch-169x300.jpg 169w, https:\/\/magiclift.ch\/wp-content\/uploads\/2026\/01\/gleitschirm-grundkurs-flugschuelerin-punktlandung-hoch-579x1030.jpg 579w, https:\/\/magiclift.ch\/wp-content\/uploads\/2026\/01\/gleitschirm-grundkurs-flugschuelerin-punktlandung-hoch-768x1365.jpg 768w, https:\/\/magiclift.ch\/wp-content\/uploads\/2026\/01\/gleitschirm-grundkurs-flugschuelerin-punktlandung-hoch-864x1536.jpg 864w, https:\/\/magiclift.ch\/wp-content\/uploads\/2026\/01\/gleitschirm-grundkurs-flugschuelerin-punktlandung-hoch-844x1500.jpg 844w, https:\/\/magiclift.ch\/wp-content\/uploads\/2026\/01\/gleitschirm-grundkurs-flugschuelerin-punktlandung-hoch-397x705.jpg 397w, https:\/\/magiclift.ch\/wp-content\/uploads\/2026\/01\/gleitschirm-grundkurs-flugschuelerin-punktlandung-hoch-450x800.jpg 450w\" sizes=\"auto, (max-width: 1080px) 100vw, 1080px\" \/><\/div><\/div><\/figure><\/a><!--end av-masonry entry--><\/div><\/div>\n<div id='slider_mobile'  class='avia-fullwidth-slider main_color avia-shadow av-desktop-hide av-medium-hide  avia-builder-el-38  el_after_av_masonry_gallery  el_before_av_two_third   slider-not-first container_wrap fullsize'  ><div  class='avia-slideshow av-mli9d4wp-04978b670a67ccf086b736dc74772781 avia-slideshow-no scaling av_slideshow_full avia-slide_up-slider av-desktop-hide av-medium-hide av-slideshow-ui av-control-hidden av-no-slider-navigation av-hide-nav-arrows av-slideshow-autoplay av-loop-endless av-loop-manual-once av-default-height-applied  image_no_stretch avia-slideshow-4' data-slideshow-options=\"{&quot;animation&quot;:&quot;slide_up&quot;,&quot;autoplay&quot;:true,&quot;loop_autoplay&quot;:&quot;endless&quot;,&quot;interval&quot;:4,&quot;loop_manual&quot;:&quot;manual-once&quot;,&quot;autoplay_stopper&quot;:false,&quot;noNavigation&quot;:true,&quot;bg_slider&quot;:false,&quot;keep_padding&quot;:false,&quot;hoverpause&quot;:false,&quot;show_slide_delay&quot;:0}\"  itemprop=\"image\" itemscope=\"itemscope\" itemtype=\"https:\/\/schema.org\/ImageObject\" ><ul class='avia-slideshow-inner ' style='padding-bottom: 177.77777777778%;'><li  class='avia-slideshow-slide av-mli9d4wp-04978b670a67ccf086b736dc74772781__0  slide-1 slide-odd'><div data-rel='slideshow-4' class='avia-slide-wrap '   ><img decoding=\"async\" loading=\"lazy\" class=\"wp-image-60103 avia-img-lazy-loading-60103\"  src=\"https:\/\/magiclift.ch\/wp-content\/uploads\/2026\/01\/gleitschirm-grundkurs-flugschuelerin-punktlandung-hoch.jpg\" width=\"1080\" height=\"1920\" title='gleitschirm-grundkurs-flugschuelerin-punktlandung-hoch' alt=''  itemprop=\"thumbnailUrl\" srcset=\"https:\/\/magiclift.ch\/wp-content\/uploads\/2026\/01\/gleitschirm-grundkurs-flugschuelerin-punktlandung-hoch.jpg 1080w, https:\/\/magiclift.ch\/wp-content\/uploads\/2026\/01\/gleitschirm-grundkurs-flugschuelerin-punktlandung-hoch-169x300.jpg 169w, https:\/\/magiclift.ch\/wp-content\/uploads\/2026\/01\/gleitschirm-grundkurs-flugschuelerin-punktlandung-hoch-579x1030.jpg 579w, https:\/\/magiclift.ch\/wp-content\/uploads\/2026\/01\/gleitschirm-grundkurs-flugschuelerin-punktlandung-hoch-768x1365.jpg 768w, https:\/\/magiclift.ch\/wp-content\/uploads\/2026\/01\/gleitschirm-grundkurs-flugschuelerin-punktlandung-hoch-864x1536.jpg 864w, https:\/\/magiclift.ch\/wp-content\/uploads\/2026\/01\/gleitschirm-grundkurs-flugschuelerin-punktlandung-hoch-844x1500.jpg 844w, https:\/\/magiclift.ch\/wp-content\/uploads\/2026\/01\/gleitschirm-grundkurs-flugschuelerin-punktlandung-hoch-397x705.jpg 397w, https:\/\/magiclift.ch\/wp-content\/uploads\/2026\/01\/gleitschirm-grundkurs-flugschuelerin-punktlandung-hoch-450x800.jpg 450w\" sizes=\"auto, (max-width: 1080px) 100vw, 1080px\" \/><\/div><\/li><li  class='avia-slideshow-slide av-mli9d4wp-04978b670a67ccf086b736dc74772781__1  slide-2 slide-even'><div data-rel='slideshow-4' class='avia-slide-wrap '   ><img decoding=\"async\" loading=\"lazy\" class=\"wp-image-60085 avia-img-lazy-loading-60085\"  src=\"https:\/\/magiclift.ch\/wp-content\/uploads\/2026\/01\/gleitschirm-groundhandling-fruehling-kobra-hoch.jpg\" width=\"1080\" height=\"1920\" title='gleitschirm-groundhandling-fruehling-kobra-hoch' alt=''  itemprop=\"thumbnailUrl\" srcset=\"https:\/\/magiclift.ch\/wp-content\/uploads\/2026\/01\/gleitschirm-groundhandling-fruehling-kobra-hoch.jpg 1080w, https:\/\/magiclift.ch\/wp-content\/uploads\/2026\/01\/gleitschirm-groundhandling-fruehling-kobra-hoch-169x300.jpg 169w, https:\/\/magiclift.ch\/wp-content\/uploads\/2026\/01\/gleitschirm-groundhandling-fruehling-kobra-hoch-579x1030.jpg 579w, https:\/\/magiclift.ch\/wp-content\/uploads\/2026\/01\/gleitschirm-groundhandling-fruehling-kobra-hoch-768x1365.jpg 768w, https:\/\/magiclift.ch\/wp-content\/uploads\/2026\/01\/gleitschirm-groundhandling-fruehling-kobra-hoch-864x1536.jpg 864w, https:\/\/magiclift.ch\/wp-content\/uploads\/2026\/01\/gleitschirm-groundhandling-fruehling-kobra-hoch-844x1500.jpg 844w, https:\/\/magiclift.ch\/wp-content\/uploads\/2026\/01\/gleitschirm-groundhandling-fruehling-kobra-hoch-397x705.jpg 397w, https:\/\/magiclift.ch\/wp-content\/uploads\/2026\/01\/gleitschirm-groundhandling-fruehling-kobra-hoch-450x800.jpg 450w\" sizes=\"auto, (max-width: 1080px) 100vw, 1080px\" \/><\/div><\/li><li  class='avia-slideshow-slide av-mli9d4wp-04978b670a67ccf086b736dc74772781__2  slide-3 slide-odd'><div data-rel='slideshow-4' class='avia-slide-wrap '   ><img decoding=\"async\" loading=\"lazy\" class=\"wp-image-60118 avia-img-lazy-loading-60118\"  src=\"https:\/\/magiclift.ch\/wp-content\/uploads\/2026\/01\/gleitschirm-schnuppertag-flugschuelerin-uebungshang-abgehoben-hoch.jpg\" width=\"1080\" height=\"1920\" title='gleitschirm-schnuppertag-flugschuelerin-uebungshang-abgehoben-hoch' alt=''  itemprop=\"thumbnailUrl\" srcset=\"https:\/\/magiclift.ch\/wp-content\/uploads\/2026\/01\/gleitschirm-schnuppertag-flugschuelerin-uebungshang-abgehoben-hoch.jpg 1080w, https:\/\/magiclift.ch\/wp-content\/uploads\/2026\/01\/gleitschirm-schnuppertag-flugschuelerin-uebungshang-abgehoben-hoch-169x300.jpg 169w, https:\/\/magiclift.ch\/wp-content\/uploads\/2026\/01\/gleitschirm-schnuppertag-flugschuelerin-uebungshang-abgehoben-hoch-579x1030.jpg 579w, https:\/\/magiclift.ch\/wp-content\/uploads\/2026\/01\/gleitschirm-schnuppertag-flugschuelerin-uebungshang-abgehoben-hoch-768x1365.jpg 768w, https:\/\/magiclift.ch\/wp-content\/uploads\/2026\/01\/gleitschirm-schnuppertag-flugschuelerin-uebungshang-abgehoben-hoch-864x1536.jpg 864w, https:\/\/magiclift.ch\/wp-content\/uploads\/2026\/01\/gleitschirm-schnuppertag-flugschuelerin-uebungshang-abgehoben-hoch-844x1500.jpg 844w, https:\/\/magiclift.ch\/wp-content\/uploads\/2026\/01\/gleitschirm-schnuppertag-flugschuelerin-uebungshang-abgehoben-hoch-397x705.jpg 397w, https:\/\/magiclift.ch\/wp-content\/uploads\/2026\/01\/gleitschirm-schnuppertag-flugschuelerin-uebungshang-abgehoben-hoch-450x800.jpg 450w\" sizes=\"auto, (max-width: 1080px) 100vw, 1080px\" \/><\/div><\/li><li  class='avia-slideshow-slide av-mli9d4wp-04978b670a67ccf086b736dc74772781__3  slide-4 slide-even'><div data-rel='slideshow-4' class='avia-slide-wrap '   ><img decoding=\"async\" loading=\"lazy\" class=\"wp-image-60667 avia-img-lazy-loading-60667\"  src=\"https:\/\/magiclift.ch\/wp-content\/uploads\/2026\/01\/groundhandling-fruehling-schirmkontrolle-alp-scheidegg-hoch.jpg\" width=\"1080\" height=\"1920\" title='groundhandling-fruehling-schirmkontrolle-alp-scheidegg-hoch' alt=''  itemprop=\"thumbnailUrl\" srcset=\"https:\/\/magiclift.ch\/wp-content\/uploads\/2026\/01\/groundhandling-fruehling-schirmkontrolle-alp-scheidegg-hoch.jpg 1080w, https:\/\/magiclift.ch\/wp-content\/uploads\/2026\/01\/groundhandling-fruehling-schirmkontrolle-alp-scheidegg-hoch-169x300.jpg 169w, https:\/\/magiclift.ch\/wp-content\/uploads\/2026\/01\/groundhandling-fruehling-schirmkontrolle-alp-scheidegg-hoch-579x1030.jpg 579w, https:\/\/magiclift.ch\/wp-content\/uploads\/2026\/01\/groundhandling-fruehling-schirmkontrolle-alp-scheidegg-hoch-768x1365.jpg 768w, https:\/\/magiclift.ch\/wp-content\/uploads\/2026\/01\/groundhandling-fruehling-schirmkontrolle-alp-scheidegg-hoch-864x1536.jpg 864w, https:\/\/magiclift.ch\/wp-content\/uploads\/2026\/01\/groundhandling-fruehling-schirmkontrolle-alp-scheidegg-hoch-844x1500.jpg 844w, https:\/\/magiclift.ch\/wp-content\/uploads\/2026\/01\/groundhandling-fruehling-schirmkontrolle-alp-scheidegg-hoch-397x705.jpg 397w, https:\/\/magiclift.ch\/wp-content\/uploads\/2026\/01\/groundhandling-fruehling-schirmkontrolle-alp-scheidegg-hoch-450x800.jpg 450w\" sizes=\"auto, (max-width: 1080px) 100vw, 1080px\" \/><\/div><\/li><\/ul><div class='avia-slideshow-arrows avia-slideshow-controls' ><a href='#prev' class='prev-slide  avia-svg-icon avia-font-svg_entypo-fontello' data-av_svg_icon='left-open-big' data-av_iconset='svg_entypo-fontello' tabindex='-1' title=\"Pr\u00e9c\u00e9dent\"><svg version=\"1.1\" xmlns=\"http:\/\/www.w3.org\/2000\/svg\" width=\"15\" height=\"32\" viewBox=\"0 0 15 32\" preserveAspectRatio=\"xMidYMid meet\" aria-labelledby='av-svg-title-7' aria-describedby='av-svg-desc-7' role=\"graphics-symbol\" aria-hidden=\"true\">\n<title id='av-svg-title-7'>Pr\u00e9c\u00e9dent<\/title>\n<desc id='av-svg-desc-7'>Pr\u00e9c\u00e9dent<\/desc>\n<path d=\"M14.464 27.84q0.832 0.832 0 1.536-0.832 0.832-1.536 0l-12.544-12.608q-0.768-0.768 0-1.6l12.544-12.608q0.704-0.832 1.536 0 0.832 0.704 0 1.536l-11.456 11.904z\"><\/path>\n<\/svg><span class='avia_hidden_link_text'>Pr\u00e9c\u00e9dent<\/span><\/a><a href='#next' class='next-slide  avia-svg-icon avia-font-svg_entypo-fontello' data-av_svg_icon='right-open-big' data-av_iconset='svg_entypo-fontello' tabindex='-1' title=\"Suivant\"><svg version=\"1.1\" xmlns=\"http:\/\/www.w3.org\/2000\/svg\" width=\"15\" height=\"32\" viewBox=\"0 0 15 32\" preserveAspectRatio=\"xMidYMid meet\" aria-labelledby='av-svg-title-8' aria-describedby='av-svg-desc-8' role=\"graphics-symbol\" aria-hidden=\"true\">\n<title id='av-svg-title-8'>Suivant<\/title>\n<desc id='av-svg-desc-8'>Suivant<\/desc>\n<path d=\"M0.416 27.84l11.456-11.84-11.456-11.904q-0.832-0.832 0-1.536 0.832-0.832 1.536 0l12.544 12.608q0.768 0.832 0 1.6l-12.544 12.608q-0.704 0.832-1.536 0-0.832-0.704 0-1.536z\"><\/path>\n<\/svg><span class='avia_hidden_link_text'>Suivant<\/span><\/a><\/div><\/div><\/div><div id='after_full_slider_4'  class='main_color av_default_container_wrap container_wrap fullsize'  ><div class='container av-section-cont-open' ><div class='template-page content  av-content-full alpha units'><div class='post-entry post-entry-type-page post-entry-63998'><div class='entry-content-wrapper clearfix'>\n<div  id=\"vols-d-altitude\"  class='flex_column av-3eapjs0-bc16fef660d044df5460ec508e2eedbe av_two_third  avia-builder-el-39  el_after_av_slideshow_full  el_before_av_one_third  avia-builder-el-first  first flex_column_div  '     ><section  class='av_textblock_section av-ml3x73k9-28d056b1932ffce05b8713843da8b9b3 '   itemscope=\"itemscope\" itemtype=\"https:\/\/schema.org\/CreativeWork\" ><div class='avia_textblock'  itemprop=\"text\" ><h2 class=\"p1\">Voler\u2026 plus haut, plus loin et plus longtemps<\/h2>\n<p class=\"p1\">Ton premier grand vol t'attend d\u00e8s que tu sais gonfler le parapente dans diff\u00e9rentes conditions de vent, que tu le contr\u00f4les au sol en toute s\u00e9curit\u00e9 et que tu as appris \u00e0 atterrir en douceur.<\/p>\n<p class=\"p1\">En tant qu'\u00e9l\u00e8ve pilote, tu seras guid\u00e9 pas \u00e0 pas par radio lors de tes grands vols, sous la surveillance constante de l'instructeur. Pour chaque vol, tu recevras une mission adapt\u00e9e \u00e0 ta progression.<\/p>\n<details class=\"readmore-inline\">\n<summary data-close-text=\"Lire moins\">Lire la suite<\/summary>\n<p> Lors des grands vols, tu acquiers beaucoup de pratique et la th\u00e9orie est int\u00e9gr\u00e9e par petites doses faciles \u00e0 assimiler.<\/p>\n<p>La formation compl\u00e8te dure quelques mois, selon la m\u00e9t\u00e9o, ton rythme et ton budget temps. Ceux qui souhaitent avancer intens\u00e9ment peuvent y arriver en trois ou quatre mois. Comme les diff\u00e9rentes saisons offrent des conditions de d\u00e9collage et de vol tr\u00e8s vari\u00e9es, il est conseill\u00e9 de n'en manquer aucune.<\/p>\n<p>Tu apprendras plusieurs man\u0153uvres de vol, feras tes premi\u00e8res exp\u00e9riences en thermique et essaieras d'augmenter la dur\u00e9e de tes vols. Tu apprendras \u00e0 \u00e9valuer les exigences des sites de d\u00e9collage et d'atterrissage et participeras activement aux briefings m\u00e9t\u00e9o pour juger les conditions de vol avec fiabilit\u00e9, avant m\u00eame de quitter le sol. <\/p>\n<p>Avec l'exp\u00e9rience, tu auras de moins en moins besoin de l'aide de ton instructeur et tu g\u00e9reras bient\u00f4t tes approches d'atterrissage de mani\u00e8re autonome. Si tes progr\u00e8s le permettent, tu pourras voler \u00ab en toute libert\u00e9 \u00bb et enrouler tes premiers thermiques.<\/p>\n<\/details>\n<\/div><\/section><\/div>\n<div  class='flex_column av-367zl34-8078523df927aba5be20344051588ef1 av_one_third  avia-builder-el-41  el_after_av_two_third  el_before_av_slideshow_full  avia-builder-el-last  flex_column_div  '     ><\/div>\n<\/div><\/div><\/div><!-- close content main div --><\/div><\/div><div id='full_slider_5'  class='avia-fullwidth-slider main_color avia-shadow   avia-builder-el-42  el_after_av_one_third  el_before_av_two_third   slider-not-first container_wrap fullsize'  ><div  class='avia-slideshow av-mloenlg0-d3e3c772a55c0c9f28ee9799432c723e avia-slideshow-no scaling av_slideshow_full avia-slide-slider av-slideshow-ui av-control-hidden av-no-slider-navigation av-hide-nav-arrows av-slideshow-autoplay av-loop-endless av-loop-manual-once av-default-height-applied  image_no_stretch avia-slideshow-5' data-slideshow-options=\"{&quot;animation&quot;:&quot;slide&quot;,&quot;autoplay&quot;:true,&quot;loop_autoplay&quot;:&quot;endless&quot;,&quot;interval&quot;:4,&quot;loop_manual&quot;:&quot;manual-once&quot;,&quot;autoplay_stopper&quot;:false,&quot;noNavigation&quot;:true,&quot;bg_slider&quot;:false,&quot;keep_padding&quot;:false,&quot;hoverpause&quot;:false,&quot;show_slide_delay&quot;:0}\"  itemprop=\"image\" itemscope=\"itemscope\" itemtype=\"https:\/\/schema.org\/ImageObject\" ><ul class='avia-slideshow-inner ' style='padding-bottom: 56.25%;'><li  class='avia-slideshow-slide av-mloenlg0-d3e3c772a55c0c9f28ee9799432c723e__0  slide-1 slide-odd'><div data-rel='slideshow-5' class='avia-slide-wrap '   ><img decoding=\"async\" loading=\"lazy\" class=\"wp-image-61896 avia-img-lazy-loading-61896\"  src=\"https:\/\/magiclift.ch\/wp-content\/uploads\/2026\/02\/gleitschirmreise-bir-billing-flugaufnahme-streckenflug-back-mountains-quer.jpg\" width=\"1920\" height=\"1080\" title='gleitschirmreise-bir-billing-flugaufnahme-streckenflug-back-mountains-quer' alt=''  itemprop=\"thumbnailUrl\" srcset=\"https:\/\/magiclift.ch\/wp-content\/uploads\/2026\/02\/gleitschirmreise-bir-billing-flugaufnahme-streckenflug-back-mountains-quer.jpg 1920w, https:\/\/magiclift.ch\/wp-content\/uploads\/2026\/02\/gleitschirmreise-bir-billing-flugaufnahme-streckenflug-back-mountains-quer-300x169.jpg 300w, https:\/\/magiclift.ch\/wp-content\/uploads\/2026\/02\/gleitschirmreise-bir-billing-flugaufnahme-streckenflug-back-mountains-quer-1030x579.jpg 1030w, https:\/\/magiclift.ch\/wp-content\/uploads\/2026\/02\/gleitschirmreise-bir-billing-flugaufnahme-streckenflug-back-mountains-quer-768x432.jpg 768w, https:\/\/magiclift.ch\/wp-content\/uploads\/2026\/02\/gleitschirmreise-bir-billing-flugaufnahme-streckenflug-back-mountains-quer-1536x864.jpg 1536w, https:\/\/magiclift.ch\/wp-content\/uploads\/2026\/02\/gleitschirmreise-bir-billing-flugaufnahme-streckenflug-back-mountains-quer-1500x844.jpg 1500w, https:\/\/magiclift.ch\/wp-content\/uploads\/2026\/02\/gleitschirmreise-bir-billing-flugaufnahme-streckenflug-back-mountains-quer-705x397.jpg 705w, https:\/\/magiclift.ch\/wp-content\/uploads\/2026\/02\/gleitschirmreise-bir-billing-flugaufnahme-streckenflug-back-mountains-quer-450x253.jpg 450w\" sizes=\"auto, (max-width: 1920px) 100vw, 1920px\" \/><\/div><\/li><li  class='avia-slideshow-slide av-mloenlg0-d3e3c772a55c0c9f28ee9799432c723e__1  slide-2 slide-even'><div data-rel='slideshow-5' class='avia-slide-wrap '   ><img decoding=\"async\" loading=\"lazy\" class=\"wp-image-60208 avia-img-lazy-loading-60208\"  src=\"https:\/\/magiclift.ch\/wp-content\/uploads\/2026\/01\/gleitschirm-thermikschlauch-aufdrehen.jpg\" width=\"1920\" height=\"1080\" title='gleitschirm-thermikschlauch-aufdrehen' alt=''  itemprop=\"thumbnailUrl\" srcset=\"https:\/\/magiclift.ch\/wp-content\/uploads\/2026\/01\/gleitschirm-thermikschlauch-aufdrehen.jpg 1920w, https:\/\/magiclift.ch\/wp-content\/uploads\/2026\/01\/gleitschirm-thermikschlauch-aufdrehen-300x169.jpg 300w, https:\/\/magiclift.ch\/wp-content\/uploads\/2026\/01\/gleitschirm-thermikschlauch-aufdrehen-1030x579.jpg 1030w, https:\/\/magiclift.ch\/wp-content\/uploads\/2026\/01\/gleitschirm-thermikschlauch-aufdrehen-768x432.jpg 768w, https:\/\/magiclift.ch\/wp-content\/uploads\/2026\/01\/gleitschirm-thermikschlauch-aufdrehen-1536x864.jpg 1536w, https:\/\/magiclift.ch\/wp-content\/uploads\/2026\/01\/gleitschirm-thermikschlauch-aufdrehen-1500x844.jpg 1500w, https:\/\/magiclift.ch\/wp-content\/uploads\/2026\/01\/gleitschirm-thermikschlauch-aufdrehen-705x397.jpg 705w, https:\/\/magiclift.ch\/wp-content\/uploads\/2026\/01\/gleitschirm-thermikschlauch-aufdrehen-450x253.jpg 450w\" sizes=\"auto, (max-width: 1920px) 100vw, 1920px\" \/><\/div><\/li><li  class='avia-slideshow-slide av-mloenlg0-d3e3c772a55c0c9f28ee9799432c723e__2  slide-3 slide-odd'><div data-rel='slideshow-5' class='avia-slide-wrap '   ><img decoding=\"async\" loading=\"lazy\" class=\"wp-image-60472 avia-img-lazy-loading-60472\"  src=\"https:\/\/magiclift.ch\/wp-content\/uploads\/2026\/01\/gleitschirmreise-duene-du-pyla-abendsoaring-sonnenuntergang-petit-nice-quer.jpg\" width=\"1920\" height=\"1080\" title='gleitschirmreise-duene-du-pyla-abendsoaring-sonnenuntergang-petit-nice-quer' alt=''  itemprop=\"thumbnailUrl\" srcset=\"https:\/\/magiclift.ch\/wp-content\/uploads\/2026\/01\/gleitschirmreise-duene-du-pyla-abendsoaring-sonnenuntergang-petit-nice-quer.jpg 1920w, https:\/\/magiclift.ch\/wp-content\/uploads\/2026\/01\/gleitschirmreise-duene-du-pyla-abendsoaring-sonnenuntergang-petit-nice-quer-300x169.jpg 300w, https:\/\/magiclift.ch\/wp-content\/uploads\/2026\/01\/gleitschirmreise-duene-du-pyla-abendsoaring-sonnenuntergang-petit-nice-quer-1030x579.jpg 1030w, https:\/\/magiclift.ch\/wp-content\/uploads\/2026\/01\/gleitschirmreise-duene-du-pyla-abendsoaring-sonnenuntergang-petit-nice-quer-768x432.jpg 768w, https:\/\/magiclift.ch\/wp-content\/uploads\/2026\/01\/gleitschirmreise-duene-du-pyla-abendsoaring-sonnenuntergang-petit-nice-quer-1536x864.jpg 1536w, https:\/\/magiclift.ch\/wp-content\/uploads\/2026\/01\/gleitschirmreise-duene-du-pyla-abendsoaring-sonnenuntergang-petit-nice-quer-1500x844.jpg 1500w, https:\/\/magiclift.ch\/wp-content\/uploads\/2026\/01\/gleitschirmreise-duene-du-pyla-abendsoaring-sonnenuntergang-petit-nice-quer-705x397.jpg 705w, https:\/\/magiclift.ch\/wp-content\/uploads\/2026\/01\/gleitschirmreise-duene-du-pyla-abendsoaring-sonnenuntergang-petit-nice-quer-450x253.jpg 450w\" sizes=\"auto, (max-width: 1920px) 100vw, 1920px\" \/><\/div><\/li><\/ul><div class='avia-slideshow-arrows avia-slideshow-controls' ><a href='#prev' class='prev-slide  avia-svg-icon avia-font-svg_entypo-fontello' data-av_svg_icon='left-open-big' data-av_iconset='svg_entypo-fontello' tabindex='-1' title=\"Pr\u00e9c\u00e9dent\"><svg version=\"1.1\" xmlns=\"http:\/\/www.w3.org\/2000\/svg\" width=\"15\" height=\"32\" viewBox=\"0 0 15 32\" preserveAspectRatio=\"xMidYMid meet\" aria-labelledby='av-svg-title-9' aria-describedby='av-svg-desc-9' role=\"graphics-symbol\" aria-hidden=\"true\">\n<title id='av-svg-title-9'>Pr\u00e9c\u00e9dent<\/title>\n<desc id='av-svg-desc-9'>Pr\u00e9c\u00e9dent<\/desc>\n<path d=\"M14.464 27.84q0.832 0.832 0 1.536-0.832 0.832-1.536 0l-12.544-12.608q-0.768-0.768 0-1.6l12.544-12.608q0.704-0.832 1.536 0 0.832 0.704 0 1.536l-11.456 11.904z\"><\/path>\n<\/svg><span class='avia_hidden_link_text'>Pr\u00e9c\u00e9dent<\/span><\/a><a href='#next' class='next-slide  avia-svg-icon avia-font-svg_entypo-fontello' data-av_svg_icon='right-open-big' data-av_iconset='svg_entypo-fontello' tabindex='-1' title=\"Suivant\"><svg version=\"1.1\" xmlns=\"http:\/\/www.w3.org\/2000\/svg\" width=\"15\" height=\"32\" viewBox=\"0 0 15 32\" preserveAspectRatio=\"xMidYMid meet\" aria-labelledby='av-svg-title-10' aria-describedby='av-svg-desc-10' role=\"graphics-symbol\" aria-hidden=\"true\">\n<title id='av-svg-title-10'>Suivant<\/title>\n<desc id='av-svg-desc-10'>Suivant<\/desc>\n<path d=\"M0.416 27.84l11.456-11.84-11.456-11.904q-0.832-0.832 0-1.536 0.832-0.832 1.536 0l12.544 12.608q0.768 0.832 0 1.6l-12.544 12.608q-0.704 0.832-1.536 0-0.832-0.704 0-1.536z\"><\/path>\n<\/svg><span class='avia_hidden_link_text'>Suivant<\/span><\/a><\/div><\/div><\/div><div id='after_full_slider_5'  class='main_color av_default_container_wrap container_wrap fullsize'  ><div class='container av-section-cont-open' ><div class='template-page content  av-content-full alpha units'><div class='post-entry post-entry-type-page post-entry-63998'><div class='entry-content-wrapper clearfix'>\n<div  id=\"cours-complet\"  class='flex_column av-1ak4tsw-a3f06643427576d2fc46743d97cb5659 av_two_third  avia-builder-el-43  el_after_av_slideshow_full  el_before_av_one_full  avia-builder-el-first  first flex_column_div  '     ><section  class='av_textblock_section av-86ykg-f4df807f4ddc79d2c56b8e449326e30c '   itemscope=\"itemscope\" itemtype=\"https:\/\/schema.org\/CreativeWork\" ><div class='avia_textblock'  itemprop=\"text\" ><h2 class=\"p1\">Le pack All-in-One jusqu'au brevet<\/h2>\n<p class=\"p1\">Dans le cours de brevet, qui te m\u00e8ne de la pente \u00e9cole jusqu'\u00e0 l'examen final, tu effectueras de nombreux grands vols dans diff\u00e9rentes r\u00e9gions. Tu voleras bient\u00f4t avec ton propre \u00e9quipement, adapt\u00e9 \u00e0 ta taille et \u00e0 ton poids, qui te procurera du plaisir bien apr\u00e8s l'obtention de ton brevet.<\/p>\n<p class=\"p1\">Ton objectif est de devenir progressivement plus exp\u00e9riment\u00e9, autonome et ind\u00e9pendant de l'\u00e9cole de vol. Plus tu investiras de temps, plus vite tu seras pr\u00eat pour le brevet et pour prouver tes comp\u00e9tences lors de l'examen pratique.<\/p>\n<details class=\"readmore-inline\">\n<summary data-close-text=\"Lire moins\">Lire la suite<\/summary>\n<p>Tu \u00e9tudieras \u00e9galement la th\u00e9orie de ton c\u00f4t\u00e9 et passeras l'examen th\u00e9orique le plus t\u00f4t possible dans ta carri\u00e8re de pilote. En \"groundhandling\", tu continueras \u00e0 peaufiner ta technique de d\u00e9collage et, lors des grands vols, tu approfondiras les man\u0153uvres d\u00e9j\u00e0 apprises.<\/p>\n<p>Pour une pratique particuli\u00e8rement intensive, tu peux participer \u00e0 nos <a href=\"\/fr\/?page_id=65531\"> voyages de vol<\/a> adapt\u00e9s aux \u00e9l\u00e8ves, qui t'emm\u00e8neront vers de magnifiques sites loin de la Suisse.<\/p>\n<p>La courbe d'apprentissage reste raide pendant longtemps et il reste incroyablement plus \u00e0 d\u00e9couvrir une fois que tu auras obtenu ton brevet et que tu pourras partir vers de nouvelles aventures, lib\u00e9r\u00e9 de l'\u00e9cole de vol.<\/p>\n<\/details>\n<\/div><\/section><\/div>\n\n<style type=\"text\/css\" data-created_by=\"avia_inline_auto\" id=\"style-css-av-mlgshq5n-415410f1f8801faf79d4d893e77c7667\">\n\n@media only screen and (min-width: 990px){ \n.flex_column.av-mlgshq5n-415410f1f8801faf79d4d893e77c7667{\nposition:absolute;\ntop:30%;\nright:5vw;\n}\n}\n\n@media only screen and (min-width: 768px) and (max-width: 989px){ \n.flex_column.av-mlgshq5n-415410f1f8801faf79d4d893e77c7667{\nposition:absolute;\ntop:30%;\nright:5vw;\n}\n}\n\n@media only screen and (min-width: 480px) and (max-width: 767px){ \n.flex_column.av-mlgshq5n-415410f1f8801faf79d4d893e77c7667{\nposition:absolute;\ntop:35%;\nright:5vw;\n}\n}\n\n@media only screen and (max-width: 479px){ \n.flex_column.av-mlgshq5n-415410f1f8801faf79d4d893e77c7667{\nposition:absolute;\ntop:30%;\nright:5vw;\n}\n}\n<\/style>\n<div  id=\"button-schnuppertag\"  class='flex_column av-mlgshq5n-415410f1f8801faf79d4d893e77c7667 av_one_full  avia-builder-el-45  el_after_av_two_third  el_before_av_two_third  button-schnuppertag first flex_column_div av-custom-positioned  column-top-margin'     aria-label='CTA Button'  ><style type=\"text\/css\" data-created_by=\"avia_inline_auto\" id=\"style-css-av-mlgo8zhk-6c9a6ffe5cb618ed3d0368b64c20aa5a\">\n#top .av_textblock_section.av-mlgo8zhk-6c9a6ffe5cb618ed3d0368b64c20aa5a .avia_textblock{\ntext-align:center;\n}\n<\/style>\n<section  id=\"delayed-button\"  class='av_textblock_section av-mlgo8zhk-6c9a6ffe5cb618ed3d0368b64c20aa5a '   itemscope=\"itemscope\" itemtype=\"https:\/\/schema.org\/CreativeWork\" ><div class='avia_textblock delayed-button'  itemprop=\"text\" ><div id=\"test-popup\" class=\"white-popup mfp-hide\">\n<h2 data-path-to-node=\"1\">prochaines journ\u00e9es d'initiation<\/h2>\n<h2 class=\"entry-title\"><span style=\"font-size: 16px;\"><div class='css-events-list'><table>\r\n    <thead>\r\n\t\t<tr>\r\n\t\t\t<th width=\"138\">Date\/temps<\/th>\r\n\t\t\t<th width=\"*\">\u00c9v\u00e9nement<\/th>\r\n\t\t<\/tr>\r\n \t<\/thead>\t<tbody>\r\n\t\t<tr>\r\n\t\t\t<td>\r\n                dimanche 10 mai 2026<br>\r\n\t            9:45 - 17:00\r\n\t        <\/td>\r\n            <td>\r\n                <a href=\"https:\/\/magiclift.ch\/fr\/events\/journee-dinitation-2026-05-10\/\">Journ\u00e9e d&#039;initation<\/a><br>\r\n                <i> Horgen<\/i>\r\n            <\/td>\r\n        <\/tr>\r\n\t<\/tbody>\r\n\t<tbody>\r\n\t\t<tr>\r\n\t\t\t<td>\r\n                dimanche 24 mai 2026<br>\r\n\t            9:45 - 17:00\r\n\t        <\/td>\r\n            <td>\r\n                <a href=\"https:\/\/magiclift.ch\/fr\/events\/journee-dinitation-2026-05-24\/\">Journ\u00e9e d&#039;initation<\/a><br>\r\n                <i> Horgen<\/i>\r\n            <\/td>\r\n        <\/tr>\r\n\t<\/tbody>\r\n\t<tbody>\r\n\t\t<tr>\r\n\t\t\t<td>\r\n                dimanche 14 juin 2026<br>\r\n\t            9:45 - 17:00\r\n\t        <\/td>\r\n            <td>\r\n                <a href=\"https:\/\/magiclift.ch\/fr\/events\/journee-dinitation-2026-06-14\/\">Journ\u00e9e d&#039;initation<\/a><br>\r\n                <i> Horgen<\/i>\r\n            <\/td>\r\n        <\/tr>\r\n\t<\/tbody>\r\n\t<tbody>\r\n\t\t<tr>\r\n\t\t\t<td>\r\n                dimanche 28 juin 2026<br>\r\n\t            9:45 - 17:00\r\n\t        <\/td>\r\n            <td>\r\n                <a href=\"https:\/\/magiclift.ch\/fr\/events\/journee-dinitation-2026-06-28\/\">Journ\u00e9e d&#039;initation<\/a><br>\r\n                <i> Horgen<\/i>\r\n            <\/td>\r\n        <\/tr>\r\n\t<\/tbody>\r\n\t<tbody>\r\n\t\t<tr>\r\n\t\t\t<td>\r\n                dimanche 12 juillet 2026<br>\r\n\t            9:45 - 17:00\r\n\t        <\/td>\r\n            <td>\r\n                <a href=\"https:\/\/magiclift.ch\/fr\/events\/journee-dinitation-2026-07-12\/\">Journ\u00e9e d&#039;initation<\/a><br>\r\n                <i> Horgen<\/i>\r\n            <\/td>\r\n        <\/tr>\r\n\t<\/tbody>\r\n\t<tbody>\r\n\t\t<tr>\r\n\t\t\t<td>\r\n                dimanche 26 juillet 2026<br>\r\n\t            9:45 - 17:00\r\n\t        <\/td>\r\n            <td>\r\n                <a href=\"https:\/\/magiclift.ch\/fr\/events\/journee-dinitation-2026-07-26\/\">Journ\u00e9e d&#039;initation<\/a><br>\r\n                <i> Horgen<\/i>\r\n            <\/td>\r\n        <\/tr>\r\n\t<\/tbody>\r\n\t<tbody>\r\n\t\t<tr>\r\n\t\t\t<td>\r\n                dimanche 9 ao\u00fbt 2026<br>\r\n\t            9:45 - 17:00\r\n\t        <\/td>\r\n            <td>\r\n                <a href=\"https:\/\/magiclift.ch\/fr\/events\/journee-dinitation-2026-08-09\/\">Journ\u00e9e d&#039;initation<\/a><br>\r\n                <i> Horgen<\/i>\r\n            <\/td>\r\n        <\/tr>\r\n\t<\/tbody>\r\n\t<tbody>\r\n\t\t<tr>\r\n\t\t\t<td>\r\n                dimanche 23 ao\u00fbt 2026<br>\r\n\t            9:45 - 17:00\r\n\t        <\/td>\r\n            <td>\r\n                <a href=\"https:\/\/magiclift.ch\/fr\/events\/journee-dinitation-2026-08-23\/\">Journ\u00e9e d&#039;initation<\/a><br>\r\n                <i> Horgen<\/i>\r\n            <\/td>\r\n        <\/tr>\r\n\t<\/tbody>\r\n\t<tbody>\r\n\t\t<tr>\r\n\t\t\t<td>\r\n                dimanche 13 septembre 2026<br>\r\n\t            9:45 - 17:00\r\n\t        <\/td>\r\n            <td>\r\n                <a href=\"https:\/\/magiclift.ch\/fr\/events\/journee-dinitation-2026-09-13\/\">Journ\u00e9e d&#039;initation<\/a><br>\r\n                <i> Horgen<\/i>\r\n            <\/td>\r\n        <\/tr>\r\n\t<\/tbody>\r\n\t<tbody>\r\n\t\t<tr>\r\n\t\t\t<td>\r\n                dimanche 27 septembre 2026<br>\r\n\t            9:45 - 17:00\r\n\t        <\/td>\r\n            <td>\r\n                <a href=\"https:\/\/magiclift.ch\/fr\/events\/journee-dinitation-2026-09-27\/\">Journ\u00e9e d&#039;initation<\/a><br>\r\n                <i> Horgen<\/i>\r\n            <\/td>\r\n        <\/tr>\r\n\t<\/tbody>\r\n<\/table><\/div><\/span><\/h2>\n<\/div>\n<p style=\"text-align: center;\"><a class=\"open-popup-link avia-button avia-size-small avia-position-center avia-color-theme-color delayed-button\" style=\"z-index: 2000000; color: #00af83; background-color: white; padding: 15px 15px; border: 1px solid; border-radius: 50px; text-decoration: none; font-weight: bold; display: inline-block;\" href=\"#test-popup\">Initiation<\/a><\/p>\n<\/div><\/section><\/div>\n\n<style type=\"text\/css\" data-created_by=\"avia_inline_auto\" id=\"style-css-av-18ut6c1-6daf7c037d813914dea67664d0ea2926\">\n#top .flex_column.av-18ut6c1-6daf7c037d813914dea67664d0ea2926{\nmargin-top:0px;\nmargin-bottom:0px;\n}\n.flex_column.av-18ut6c1-6daf7c037d813914dea67664d0ea2926{\npadding:0px 0px 0px 0px;\nheight:auto;\nmin-height:0px;\n}\n.responsive #top #wrap_all .flex_column.av-18ut6c1-6daf7c037d813914dea67664d0ea2926{\nmargin-top:0px;\nmargin-bottom:0px;\n}\n\n@media only screen and (min-width: 990px){ \n.flex_column.av-18ut6c1-6daf7c037d813914dea67664d0ea2926{\npadding:0px 0px 0px 0px;\n}\n}\n\n@media only screen and (min-width: 768px) and (max-width: 989px){ \n.flex_column.av-18ut6c1-6daf7c037d813914dea67664d0ea2926{\npadding:0px 0px 0px 0px;\n}\n}\n\n@media only screen and (min-width: 480px) and (max-width: 767px){ \n.flex_column.av-18ut6c1-6daf7c037d813914dea67664d0ea2926{\npadding:0px 0px 0px 0px;\n}\n}\n\n@media only screen and (max-width: 479px){ \n.flex_column.av-18ut6c1-6daf7c037d813914dea67664d0ea2926{\npadding:0px 0px 0px 0px;\n}\n}\n<\/style>\n<div  id=\"moved-title\"  class='flex_column av-18ut6c1-6daf7c037d813914dea67664d0ea2926 av_two_third  avia-builder-el-47  el_after_av_one_full  el_before_av_slideshow_full  avia-builder-el-last  first no_margin flex_column_div av-zero-column-padding  column-top-margin'     ><section  class='av_textblock_section av-k6galt-6e2ffad312a3c844fd02fa2958b6d206 '   itemscope=\"itemscope\" itemtype=\"https:\/\/schema.org\/CreativeWork\" ><div class='avia_textblock hero-title-container h1-hidden-initial'  itemprop=\"text\" ><h1 class=\"moved-title\"> Apprends le parapente<\/h1>\n<\/div><\/section><\/div>\n<\/div><\/div><\/div><!-- close content main div --><\/div><\/div><div id='slider_desktop'  class='avia-fullwidth-slider main_color avia-shadow av-mini-hide  avia-builder-el-49  el_after_av_two_third  el_before_av_slideshow_full   slider-not-first container_wrap fullsize'  ><div  class='avia-slideshow av-mln2xj33-ff37486fb3d25725e94347a615f116c2 avia-slideshow-no scaling av_slideshow_full avia-slide-slider av-mini-hide av-slideshow-ui av-control-hidden av-no-slider-navigation av-hide-nav-arrows av-slideshow-autoplay av-loop-endless av-loop-manual-once av-default-height-applied  image_no_stretch avia-slideshow-6' data-slideshow-options=\"{&quot;animation&quot;:&quot;slide&quot;,&quot;autoplay&quot;:true,&quot;loop_autoplay&quot;:&quot;endless&quot;,&quot;interval&quot;:4,&quot;loop_manual&quot;:&quot;manual-once&quot;,&quot;autoplay_stopper&quot;:false,&quot;noNavigation&quot;:true,&quot;bg_slider&quot;:false,&quot;keep_padding&quot;:false,&quot;hoverpause&quot;:false,&quot;show_slide_delay&quot;:0}\"  itemprop=\"image\" itemscope=\"itemscope\" itemtype=\"https:\/\/schema.org\/ImageObject\" ><ul class='avia-slideshow-inner ' style='padding-bottom: 56.25%;'><li  class='avia-slideshow-slide av-mln2xj33-ff37486fb3d25725e94347a615f116c2__0  slide-1 slide-odd'><div data-rel='slideshow-6' class='avia-slide-wrap '   ><img decoding=\"async\" loading=\"lazy\" class=\"wp-image-60139 avia-img-lazy-loading-60139\"  src=\"https:\/\/magiclift.ch\/wp-content\/uploads\/2026\/01\/gleitschirm-soaring-genussflug-flugschueler-ebene-quer.jpg\" width=\"1920\" height=\"1080\" title='gleitschirm-soaring-genussflug-flugschueler-ebene-quer' alt=''  itemprop=\"thumbnailUrl\" srcset=\"https:\/\/magiclift.ch\/wp-content\/uploads\/2026\/01\/gleitschirm-soaring-genussflug-flugschueler-ebene-quer.jpg 1920w, https:\/\/magiclift.ch\/wp-content\/uploads\/2026\/01\/gleitschirm-soaring-genussflug-flugschueler-ebene-quer-300x169.jpg 300w, https:\/\/magiclift.ch\/wp-content\/uploads\/2026\/01\/gleitschirm-soaring-genussflug-flugschueler-ebene-quer-1030x579.jpg 1030w, https:\/\/magiclift.ch\/wp-content\/uploads\/2026\/01\/gleitschirm-soaring-genussflug-flugschueler-ebene-quer-768x432.jpg 768w, https:\/\/magiclift.ch\/wp-content\/uploads\/2026\/01\/gleitschirm-soaring-genussflug-flugschueler-ebene-quer-1536x864.jpg 1536w, https:\/\/magiclift.ch\/wp-content\/uploads\/2026\/01\/gleitschirm-soaring-genussflug-flugschueler-ebene-quer-1500x844.jpg 1500w, https:\/\/magiclift.ch\/wp-content\/uploads\/2026\/01\/gleitschirm-soaring-genussflug-flugschueler-ebene-quer-705x397.jpg 705w, https:\/\/magiclift.ch\/wp-content\/uploads\/2026\/01\/gleitschirm-soaring-genussflug-flugschueler-ebene-quer-450x253.jpg 450w\" sizes=\"auto, (max-width: 1920px) 100vw, 1920px\" \/><\/div><\/li><li  class='avia-slideshow-slide av-mln2xj33-ff37486fb3d25725e94347a615f116c2__1  slide-2 slide-even'><div data-rel='slideshow-6' class='avia-slide-wrap '   ><img decoding=\"async\" loading=\"lazy\" class=\"wp-image-60304 avia-img-lazy-loading-60304\"  src=\"https:\/\/magiclift.ch\/wp-content\/uploads\/2026\/01\/gleitschirmfliegen-winter-soaring-miniwing-hirzel-quer.jpg\" width=\"1920\" height=\"1080\" title='gleitschirmfliegen-winter-soaring-miniwing-hirzel-quer' alt=''  itemprop=\"thumbnailUrl\" srcset=\"https:\/\/magiclift.ch\/wp-content\/uploads\/2026\/01\/gleitschirmfliegen-winter-soaring-miniwing-hirzel-quer.jpg 1920w, https:\/\/magiclift.ch\/wp-content\/uploads\/2026\/01\/gleitschirmfliegen-winter-soaring-miniwing-hirzel-quer-300x169.jpg 300w, https:\/\/magiclift.ch\/wp-content\/uploads\/2026\/01\/gleitschirmfliegen-winter-soaring-miniwing-hirzel-quer-1030x579.jpg 1030w, https:\/\/magiclift.ch\/wp-content\/uploads\/2026\/01\/gleitschirmfliegen-winter-soaring-miniwing-hirzel-quer-768x432.jpg 768w, https:\/\/magiclift.ch\/wp-content\/uploads\/2026\/01\/gleitschirmfliegen-winter-soaring-miniwing-hirzel-quer-1536x864.jpg 1536w, https:\/\/magiclift.ch\/wp-content\/uploads\/2026\/01\/gleitschirmfliegen-winter-soaring-miniwing-hirzel-quer-1500x844.jpg 1500w, https:\/\/magiclift.ch\/wp-content\/uploads\/2026\/01\/gleitschirmfliegen-winter-soaring-miniwing-hirzel-quer-705x397.jpg 705w, https:\/\/magiclift.ch\/wp-content\/uploads\/2026\/01\/gleitschirmfliegen-winter-soaring-miniwing-hirzel-quer-450x253.jpg 450w\" sizes=\"auto, (max-width: 1920px) 100vw, 1920px\" \/><\/div><\/li><li  class='avia-slideshow-slide av-mln2xj33-ff37486fb3d25725e94347a615f116c2__2  slide-3 slide-odd'><div data-rel='slideshow-6' class='avia-slide-wrap '   ><img decoding=\"async\" loading=\"lazy\" class=\"wp-image-60253 avia-img-lazy-loading-60253\"  src=\"https:\/\/magiclift.ch\/wp-content\/uploads\/2026\/01\/gleitschirmfliegen-herbst-flugaufnahme-thermikflug-nebelmeer-flugschueler-quer.jpg\" width=\"1920\" height=\"1080\" title='gleitschirmfliegen-herbst-flugaufnahme-thermikflug-nebelmeer-flugschueler-quer' alt=''  itemprop=\"thumbnailUrl\" srcset=\"https:\/\/magiclift.ch\/wp-content\/uploads\/2026\/01\/gleitschirmfliegen-herbst-flugaufnahme-thermikflug-nebelmeer-flugschueler-quer.jpg 1920w, https:\/\/magiclift.ch\/wp-content\/uploads\/2026\/01\/gleitschirmfliegen-herbst-flugaufnahme-thermikflug-nebelmeer-flugschueler-quer-300x169.jpg 300w, https:\/\/magiclift.ch\/wp-content\/uploads\/2026\/01\/gleitschirmfliegen-herbst-flugaufnahme-thermikflug-nebelmeer-flugschueler-quer-1030x579.jpg 1030w, https:\/\/magiclift.ch\/wp-content\/uploads\/2026\/01\/gleitschirmfliegen-herbst-flugaufnahme-thermikflug-nebelmeer-flugschueler-quer-768x432.jpg 768w, https:\/\/magiclift.ch\/wp-content\/uploads\/2026\/01\/gleitschirmfliegen-herbst-flugaufnahme-thermikflug-nebelmeer-flugschueler-quer-1536x864.jpg 1536w, https:\/\/magiclift.ch\/wp-content\/uploads\/2026\/01\/gleitschirmfliegen-herbst-flugaufnahme-thermikflug-nebelmeer-flugschueler-quer-1500x844.jpg 1500w, https:\/\/magiclift.ch\/wp-content\/uploads\/2026\/01\/gleitschirmfliegen-herbst-flugaufnahme-thermikflug-nebelmeer-flugschueler-quer-705x397.jpg 705w, https:\/\/magiclift.ch\/wp-content\/uploads\/2026\/01\/gleitschirmfliegen-herbst-flugaufnahme-thermikflug-nebelmeer-flugschueler-quer-450x253.jpg 450w\" sizes=\"auto, (max-width: 1920px) 100vw, 1920px\" \/><\/div><\/li><li  class='avia-slideshow-slide av-mln2xj33-ff37486fb3d25725e94347a615f116c2__3  slide-4 slide-even'><div data-rel='slideshow-6' class='avia-slide-wrap '   ><img decoding=\"async\" loading=\"lazy\" class=\"wp-image-60262 avia-img-lazy-loading-60262\"  src=\"https:\/\/magiclift.ch\/wp-content\/uploads\/2026\/01\/gleitschirmfliegen-gestartet-talwind-soaring-startplatz-euthal-einsiedeln-sihlsee-quer.jpg\" width=\"1920\" height=\"1080\" title='gleitschirmfliegen-gestartet-talwind-soaring-startplatz-euthal-einsiedeln-sihlsee-quer' alt=''  itemprop=\"thumbnailUrl\" srcset=\"https:\/\/magiclift.ch\/wp-content\/uploads\/2026\/01\/gleitschirmfliegen-gestartet-talwind-soaring-startplatz-euthal-einsiedeln-sihlsee-quer.jpg 1920w, https:\/\/magiclift.ch\/wp-content\/uploads\/2026\/01\/gleitschirmfliegen-gestartet-talwind-soaring-startplatz-euthal-einsiedeln-sihlsee-quer-300x169.jpg 300w, https:\/\/magiclift.ch\/wp-content\/uploads\/2026\/01\/gleitschirmfliegen-gestartet-talwind-soaring-startplatz-euthal-einsiedeln-sihlsee-quer-1030x579.jpg 1030w, https:\/\/magiclift.ch\/wp-content\/uploads\/2026\/01\/gleitschirmfliegen-gestartet-talwind-soaring-startplatz-euthal-einsiedeln-sihlsee-quer-768x432.jpg 768w, https:\/\/magiclift.ch\/wp-content\/uploads\/2026\/01\/gleitschirmfliegen-gestartet-talwind-soaring-startplatz-euthal-einsiedeln-sihlsee-quer-1536x864.jpg 1536w, https:\/\/magiclift.ch\/wp-content\/uploads\/2026\/01\/gleitschirmfliegen-gestartet-talwind-soaring-startplatz-euthal-einsiedeln-sihlsee-quer-1500x844.jpg 1500w, https:\/\/magiclift.ch\/wp-content\/uploads\/2026\/01\/gleitschirmfliegen-gestartet-talwind-soaring-startplatz-euthal-einsiedeln-sihlsee-quer-705x397.jpg 705w, https:\/\/magiclift.ch\/wp-content\/uploads\/2026\/01\/gleitschirmfliegen-gestartet-talwind-soaring-startplatz-euthal-einsiedeln-sihlsee-quer-450x253.jpg 450w\" sizes=\"auto, (max-width: 1920px) 100vw, 1920px\" \/><\/div><\/li><\/ul><div class='avia-slideshow-arrows avia-slideshow-controls' ><a href='#prev' class='prev-slide  avia-svg-icon avia-font-svg_entypo-fontello' data-av_svg_icon='left-open-big' data-av_iconset='svg_entypo-fontello' tabindex='-1' title=\"Pr\u00e9c\u00e9dent\"><svg version=\"1.1\" xmlns=\"http:\/\/www.w3.org\/2000\/svg\" width=\"15\" height=\"32\" viewBox=\"0 0 15 32\" preserveAspectRatio=\"xMidYMid meet\" aria-labelledby='av-svg-title-11' aria-describedby='av-svg-desc-11' role=\"graphics-symbol\" aria-hidden=\"true\">\n<title id='av-svg-title-11'>Pr\u00e9c\u00e9dent<\/title>\n<desc id='av-svg-desc-11'>Pr\u00e9c\u00e9dent<\/desc>\n<path d=\"M14.464 27.84q0.832 0.832 0 1.536-0.832 0.832-1.536 0l-12.544-12.608q-0.768-0.768 0-1.6l12.544-12.608q0.704-0.832 1.536 0 0.832 0.704 0 1.536l-11.456 11.904z\"><\/path>\n<\/svg><span class='avia_hidden_link_text'>Pr\u00e9c\u00e9dent<\/span><\/a><a href='#next' class='next-slide  avia-svg-icon avia-font-svg_entypo-fontello' data-av_svg_icon='right-open-big' data-av_iconset='svg_entypo-fontello' tabindex='-1' title=\"Suivant\"><svg version=\"1.1\" xmlns=\"http:\/\/www.w3.org\/2000\/svg\" width=\"15\" height=\"32\" viewBox=\"0 0 15 32\" preserveAspectRatio=\"xMidYMid meet\" aria-labelledby='av-svg-title-12' aria-describedby='av-svg-desc-12' role=\"graphics-symbol\" aria-hidden=\"true\">\n<title id='av-svg-title-12'>Suivant<\/title>\n<desc id='av-svg-desc-12'>Suivant<\/desc>\n<path d=\"M0.416 27.84l11.456-11.84-11.456-11.904q-0.832-0.832 0-1.536 0.832-0.832 1.536 0l12.544 12.608q0.768 0.832 0 1.6l-12.544 12.608q-0.704 0.832-1.536 0-0.832-0.704 0-1.536z\"><\/path>\n<\/svg><span class='avia_hidden_link_text'>Suivant<\/span><\/a><\/div><\/div><\/div>\n<div id='slider_mobile'  class='avia-fullwidth-slider main_color avia-shadow av-desktop-hide av-medium-hide av-small-hide  avia-builder-el-50  el_after_av_slideshow_full  avia-builder-el-last   slider-not-first container_wrap fullsize'  ><div  class='avia-slideshow av-mlusnzth-4b27ca91278c963834899e072c6b3ec0 avia-slideshow-no scaling av_slideshow_full avia-slide-slider av-desktop-hide av-medium-hide av-small-hide av-slideshow-ui av-control-hidden av-no-slider-navigation av-hide-nav-arrows av-slideshow-autoplay av-loop-endless av-loop-manual-once av-default-height-applied  image_no_stretch avia-slideshow-7' data-slideshow-options=\"{&quot;animation&quot;:&quot;slide&quot;,&quot;autoplay&quot;:true,&quot;loop_autoplay&quot;:&quot;endless&quot;,&quot;interval&quot;:4,&quot;loop_manual&quot;:&quot;manual-once&quot;,&quot;autoplay_stopper&quot;:false,&quot;noNavigation&quot;:true,&quot;bg_slider&quot;:false,&quot;keep_padding&quot;:false,&quot;hoverpause&quot;:false,&quot;show_slide_delay&quot;:0}\"  itemprop=\"image\" itemscope=\"itemscope\" itemtype=\"https:\/\/schema.org\/ImageObject\" ><ul class='avia-slideshow-inner ' style='padding-bottom: 177.77777777778%;'><li  class='avia-slideshow-slide av-mlusnzth-4b27ca91278c963834899e072c6b3ec0__0  slide-1 slide-odd'><div data-rel='slideshow-7' class='avia-slide-wrap '   ><img decoding=\"async\" loading=\"lazy\" class=\"wp-image-60199 avia-img-lazy-loading-60199\"  src=\"https:\/\/magiclift.ch\/wp-content\/uploads\/2026\/01\/gleitschirm-thermikfliegen-sommer-flugaufnahme-selfie-zugerberg-hoch.jpg\" width=\"1080\" height=\"1920\" title='gleitschirm-thermikfliegen-sommer-flugaufnahme-selfie-zugerberg-hoch' alt=''  itemprop=\"thumbnailUrl\" srcset=\"https:\/\/magiclift.ch\/wp-content\/uploads\/2026\/01\/gleitschirm-thermikfliegen-sommer-flugaufnahme-selfie-zugerberg-hoch.jpg 1080w, https:\/\/magiclift.ch\/wp-content\/uploads\/2026\/01\/gleitschirm-thermikfliegen-sommer-flugaufnahme-selfie-zugerberg-hoch-169x300.jpg 169w, https:\/\/magiclift.ch\/wp-content\/uploads\/2026\/01\/gleitschirm-thermikfliegen-sommer-flugaufnahme-selfie-zugerberg-hoch-579x1030.jpg 579w, https:\/\/magiclift.ch\/wp-content\/uploads\/2026\/01\/gleitschirm-thermikfliegen-sommer-flugaufnahme-selfie-zugerberg-hoch-768x1365.jpg 768w, https:\/\/magiclift.ch\/wp-content\/uploads\/2026\/01\/gleitschirm-thermikfliegen-sommer-flugaufnahme-selfie-zugerberg-hoch-864x1536.jpg 864w, https:\/\/magiclift.ch\/wp-content\/uploads\/2026\/01\/gleitschirm-thermikfliegen-sommer-flugaufnahme-selfie-zugerberg-hoch-844x1500.jpg 844w, https:\/\/magiclift.ch\/wp-content\/uploads\/2026\/01\/gleitschirm-thermikfliegen-sommer-flugaufnahme-selfie-zugerberg-hoch-397x705.jpg 397w, https:\/\/magiclift.ch\/wp-content\/uploads\/2026\/01\/gleitschirm-thermikfliegen-sommer-flugaufnahme-selfie-zugerberg-hoch-450x800.jpg 450w\" sizes=\"auto, (max-width: 1080px) 100vw, 1080px\" \/><\/div><\/li><li  class='avia-slideshow-slide av-mlusnzth-4b27ca91278c963834899e072c6b3ec0__1  slide-2 slide-even'><div data-rel='slideshow-7' class='avia-slide-wrap '   ><img decoding=\"async\" loading=\"lazy\" class=\"wp-image-60229 avia-img-lazy-loading-60229\"  src=\"https:\/\/magiclift.ch\/wp-content\/uploads\/2026\/01\/gleitschirmfliegen-abheben-flugschueler-hummel-einsiedeln-hoch.jpg\" width=\"1080\" height=\"1920\" title='gleitschirmfliegen-abheben-flugschueler-hummel-einsiedeln-hoch' alt=''  itemprop=\"thumbnailUrl\" srcset=\"https:\/\/magiclift.ch\/wp-content\/uploads\/2026\/01\/gleitschirmfliegen-abheben-flugschueler-hummel-einsiedeln-hoch.jpg 1080w, https:\/\/magiclift.ch\/wp-content\/uploads\/2026\/01\/gleitschirmfliegen-abheben-flugschueler-hummel-einsiedeln-hoch-169x300.jpg 169w, https:\/\/magiclift.ch\/wp-content\/uploads\/2026\/01\/gleitschirmfliegen-abheben-flugschueler-hummel-einsiedeln-hoch-579x1030.jpg 579w, https:\/\/magiclift.ch\/wp-content\/uploads\/2026\/01\/gleitschirmfliegen-abheben-flugschueler-hummel-einsiedeln-hoch-768x1365.jpg 768w, https:\/\/magiclift.ch\/wp-content\/uploads\/2026\/01\/gleitschirmfliegen-abheben-flugschueler-hummel-einsiedeln-hoch-864x1536.jpg 864w, https:\/\/magiclift.ch\/wp-content\/uploads\/2026\/01\/gleitschirmfliegen-abheben-flugschueler-hummel-einsiedeln-hoch-844x1500.jpg 844w, https:\/\/magiclift.ch\/wp-content\/uploads\/2026\/01\/gleitschirmfliegen-abheben-flugschueler-hummel-einsiedeln-hoch-397x705.jpg 397w, https:\/\/magiclift.ch\/wp-content\/uploads\/2026\/01\/gleitschirmfliegen-abheben-flugschueler-hummel-einsiedeln-hoch-450x800.jpg 450w\" sizes=\"auto, (max-width: 1080px) 100vw, 1080px\" \/><\/div><\/li><li  class='avia-slideshow-slide av-mlusnzth-4b27ca91278c963834899e072c6b3ec0__2  slide-3 slide-odd'><div data-rel='slideshow-7' class='avia-slide-wrap '   ><img decoding=\"async\" loading=\"lazy\" class=\"wp-image-60259 avia-img-lazy-loading-60259\"  src=\"https:\/\/magiclift.ch\/wp-content\/uploads\/2026\/01\/gleitschirmfliegen-groundhandling-hochalpin-winter-hoch.jpg\" width=\"1080\" height=\"1920\" title='gleitschirmfliegen-groundhandling-hochalpin-winter-hoch' alt=''  itemprop=\"thumbnailUrl\" srcset=\"https:\/\/magiclift.ch\/wp-content\/uploads\/2026\/01\/gleitschirmfliegen-groundhandling-hochalpin-winter-hoch.jpg 1080w, https:\/\/magiclift.ch\/wp-content\/uploads\/2026\/01\/gleitschirmfliegen-groundhandling-hochalpin-winter-hoch-169x300.jpg 169w, https:\/\/magiclift.ch\/wp-content\/uploads\/2026\/01\/gleitschirmfliegen-groundhandling-hochalpin-winter-hoch-579x1030.jpg 579w, https:\/\/magiclift.ch\/wp-content\/uploads\/2026\/01\/gleitschirmfliegen-groundhandling-hochalpin-winter-hoch-768x1365.jpg 768w, https:\/\/magiclift.ch\/wp-content\/uploads\/2026\/01\/gleitschirmfliegen-groundhandling-hochalpin-winter-hoch-864x1536.jpg 864w, https:\/\/magiclift.ch\/wp-content\/uploads\/2026\/01\/gleitschirmfliegen-groundhandling-hochalpin-winter-hoch-844x1500.jpg 844w, https:\/\/magiclift.ch\/wp-content\/uploads\/2026\/01\/gleitschirmfliegen-groundhandling-hochalpin-winter-hoch-397x705.jpg 397w, https:\/\/magiclift.ch\/wp-content\/uploads\/2026\/01\/gleitschirmfliegen-groundhandling-hochalpin-winter-hoch-450x800.jpg 450w\" sizes=\"auto, (max-width: 1080px) 100vw, 1080px\" \/><\/div><\/li><li  class='avia-slideshow-slide av-mlusnzth-4b27ca91278c963834899e072c6b3ec0__3  slide-4 slide-even'><div data-rel='slideshow-7' class='avia-slide-wrap '   ><img decoding=\"async\" loading=\"lazy\" class=\"wp-image-60079 avia-img-lazy-loading-60079\"  src=\"https:\/\/magiclift.ch\/wp-content\/uploads\/2026\/01\/gleitschirm-flugschuelerin-startplatz-abgehoben-hoch.jpg\" width=\"1080\" height=\"1920\" title='gleitschirm-flugschuelerin-startplatz-abgehoben-hoch' alt=''  itemprop=\"thumbnailUrl\" srcset=\"https:\/\/magiclift.ch\/wp-content\/uploads\/2026\/01\/gleitschirm-flugschuelerin-startplatz-abgehoben-hoch.jpg 1080w, https:\/\/magiclift.ch\/wp-content\/uploads\/2026\/01\/gleitschirm-flugschuelerin-startplatz-abgehoben-hoch-169x300.jpg 169w, https:\/\/magiclift.ch\/wp-content\/uploads\/2026\/01\/gleitschirm-flugschuelerin-startplatz-abgehoben-hoch-579x1030.jpg 579w, https:\/\/magiclift.ch\/wp-content\/uploads\/2026\/01\/gleitschirm-flugschuelerin-startplatz-abgehoben-hoch-768x1365.jpg 768w, https:\/\/magiclift.ch\/wp-content\/uploads\/2026\/01\/gleitschirm-flugschuelerin-startplatz-abgehoben-hoch-864x1536.jpg 864w, https:\/\/magiclift.ch\/wp-content\/uploads\/2026\/01\/gleitschirm-flugschuelerin-startplatz-abgehoben-hoch-844x1500.jpg 844w, https:\/\/magiclift.ch\/wp-content\/uploads\/2026\/01\/gleitschirm-flugschuelerin-startplatz-abgehoben-hoch-397x705.jpg 397w, https:\/\/magiclift.ch\/wp-content\/uploads\/2026\/01\/gleitschirm-flugschuelerin-startplatz-abgehoben-hoch-450x800.jpg 450w\" sizes=\"auto, (max-width: 1080px) 100vw, 1080px\" \/><\/div><\/li><\/ul><div class='avia-slideshow-arrows avia-slideshow-controls' ><a href='#prev' class='prev-slide  avia-svg-icon avia-font-svg_entypo-fontello' data-av_svg_icon='left-open-big' data-av_iconset='svg_entypo-fontello' tabindex='-1' title=\"Pr\u00e9c\u00e9dent\"><svg version=\"1.1\" xmlns=\"http:\/\/www.w3.org\/2000\/svg\" width=\"15\" height=\"32\" viewBox=\"0 0 15 32\" preserveAspectRatio=\"xMidYMid meet\" aria-labelledby='av-svg-title-13' aria-describedby='av-svg-desc-13' role=\"graphics-symbol\" aria-hidden=\"true\">\n<title id='av-svg-title-13'>Pr\u00e9c\u00e9dent<\/title>\n<desc id='av-svg-desc-13'>Pr\u00e9c\u00e9dent<\/desc>\n<path d=\"M14.464 27.84q0.832 0.832 0 1.536-0.832 0.832-1.536 0l-12.544-12.608q-0.768-0.768 0-1.6l12.544-12.608q0.704-0.832 1.536 0 0.832 0.704 0 1.536l-11.456 11.904z\"><\/path>\n<\/svg><span class='avia_hidden_link_text'>Pr\u00e9c\u00e9dent<\/span><\/a><a href='#next' class='next-slide  avia-svg-icon avia-font-svg_entypo-fontello' data-av_svg_icon='right-open-big' data-av_iconset='svg_entypo-fontello' tabindex='-1' title=\"Suivant\"><svg version=\"1.1\" xmlns=\"http:\/\/www.w3.org\/2000\/svg\" width=\"15\" height=\"32\" viewBox=\"0 0 15 32\" preserveAspectRatio=\"xMidYMid meet\" aria-labelledby='av-svg-title-14' aria-describedby='av-svg-desc-14' role=\"graphics-symbol\" aria-hidden=\"true\">\n<title id='av-svg-title-14'>Suivant<\/title>\n<desc id='av-svg-desc-14'>Suivant<\/desc>\n<path d=\"M0.416 27.84l11.456-11.84-11.456-11.904q-0.832-0.832 0-1.536 0.832-0.832 1.536 0l12.544 12.608q0.768 0.832 0 1.6l-12.544 12.608q-0.704 0.832-1.536 0-0.832-0.704 0-1.536z\"><\/path>\n<\/svg><span class='avia_hidden_link_text'>Suivant<\/span><\/a><\/div><\/div><\/div>\n","protected":false},"excerpt":{"rendered":"","protected":false},"author":1,"featured_media":62579,"parent":0,"menu_order":0,"comment_status":"closed","ping_status":"closed","template":"","meta":{"footnotes":"","_wp_rev_ctl_limit":""},"class_list":["post-63998","page","type-page","status-publish","has-post-thumbnail","hentry"],"_links":{"self":[{"href":"https:\/\/magiclift.ch\/fr\/wp-json\/wp\/v2\/pages\/63998","targetHints":{"allow":["GET"]}}],"collection":[{"href":"https:\/\/magiclift.ch\/fr\/wp-json\/wp\/v2\/pages"}],"about":[{"href":"https:\/\/magiclift.ch\/fr\/wp-json\/wp\/v2\/types\/page"}],"author":[{"embeddable":true,"href":"https:\/\/magiclift.ch\/fr\/wp-json\/wp\/v2\/users\/1"}],"replies":[{"embeddable":true,"href":"https:\/\/magiclift.ch\/fr\/wp-json\/wp\/v2\/comments?post=63998"}],"version-history":[{"count":0,"href":"https:\/\/magiclift.ch\/fr\/wp-json\/wp\/v2\/pages\/63998\/revisions"}],"wp:featuredmedia":[{"embeddable":true,"href":"https:\/\/magiclift.ch\/fr\/wp-json\/wp\/v2\/media\/62579"}],"wp:attachment":[{"href":"https:\/\/magiclift.ch\/fr\/wp-json\/wp\/v2\/media?parent=63998"}],"curies":[{"name":"wp","href":"https:\/\/api.w.org\/{rel}","templated":true}]}}